{"id":121,"date":"2021-12-09T10:54:46","date_gmt":"2021-12-09T10:54:46","guid":{"rendered":"https:\/\/kunszigetapartman.hu\/?post_type=project&#038;p=121"},"modified":"2022-01-04T15:45:08","modified_gmt":"2022-01-04T15:45:08","slug":"tora-nezo-emeleti-szoba","status":"publish","type":"project","link":"https:\/\/kunszigetapartman.hu\/index.php\/project\/tora-nezo-emeleti-szoba\/","title":{"rendered":"T\u00f3ra n\u00e9z\u0151 k\u00e9tszem\u00e9lyes szoba"},"content":{"rendered":"\n[et_pb_section fb_built=&#8221;1&#8243; admin_label=&#8221;CTA Section&#8221; _builder_version=&#8221;3.22&#8243; custom_padding=&#8221;100px||41px|||&#8221; global_colors_info=&#8221;{}&#8221;][et_pb_row use_custom_gutter=&#8221;on&#8221; admin_label=&#8221;CTA Row&#8221; _builder_version=&#8221;3.25&#8243; custom_margin=&#8221;|||&#8221; custom_padding=&#8221;|||&#8221; global_colors_info=&#8221;{}&#8221;][et_pb_column type=&#8221;4_4&#8243; _builder_version=&#8221;3.25&#8243; custom_padding=&#8221;|||&#8221; global_colors_info=&#8221;{}&#8221; custom_padding__hover=&#8221;|||&#8221;][et_pb_text admin_label=&#8221;Title &#038; Paragraph&#8221; _builder_version=&#8221;4.14.2&#8243; text_font=&#8221;Muli|600|||||||&#8221; text_font_size=&#8221;18px&#8221; text_line_height=&#8221;1.8em&#8221; header_font=&#8221;||||||||&#8221; header_2_font=&#8221;Muli|700|||||||&#8221; header_2_font_size=&#8221;50px&#8221; header_2_line_height=&#8221;1.4em&#8221; text_orientation=&#8221;center&#8221; max_width=&#8221;640px&#8221; max_width_last_edited=&#8221;off|desktop&#8221; module_alignment=&#8221;center&#8221; custom_margin=&#8221;|||&#8221; custom_margin_tablet=&#8221;0px|||0px&#8221; custom_margin_last_edited=&#8221;off|desktop&#8221; custom_padding=&#8221;|||&#8221; custom_padding_last_edited=&#8221;off|desktop&#8221; header_2_font_size_tablet=&#8221;&#8221; header_2_font_size_phone=&#8221;40px&#8221; header_2_font_size_last_edited=&#8221;on|desktop&#8221; locked=&#8221;off&#8221; global_colors_info=&#8221;{}&#8221;]<h2 class=\"et_pb_module_header et-fb-editable-element et-fb-editable-element__editing\" data-shortcode-id=\"1.0.0.0-1515376821367\" contenteditable=\"true\">T\u00f3ra n\u00e9z\u0151 emeleti szoba<\/h2>\n<p style=\"text-align: left;\">A 100 szob\u00e1s sz\u00e1lloda minden szob\u00e1j\u00e1r\u00f3l kiv\u00e1l\u00f3 kil\u00e1t\u00e1s ny\u00edlik a t\u00f3ra \u00e9s a birtok f\u00e1kkal tark\u00edtott ter\u00fclet\u00e9re. A szob\u00e1k \u00e9s lakoszt\u00e1lyok kialak\u00edt\u00e1sa 4 csillag, \u00e1rny\u00e9kolt teraszokra kihelyezett kis jakuzzik, grillek fokozz\u00e1k a szolg\u00e1ltat\u00e1s sz\u00ednvonal\u00e1t.\u00a0<\/p>[\/et_pb_text][\/et_pb_column][\/et_pb_row][et_pb_row column_structure=&#8221;1_2,1_2&#8243; admin_label=&#8221;Process Row&#8221; _builder_version=&#8221;3.25&#8243; custom_margin=&#8221;|auto|-5px|auto||&#8221; global_colors_info=&#8221;{}&#8221;][et_pb_column type=&#8221;1_2&#8243; _builder_version=&#8221;3.25&#8243; custom_padding=&#8221;|||&#8221; global_colors_info=&#8221;{}&#8221; custom_padding__hover=&#8221;|||&#8221;][et_pb_image src=&#8221;https:\/\/kunszigetapartman.hu\/wp-content\/uploads\/2021\/12\/210911_KUNSZIGET_Photo-6.jpg&#8221; title_text=&#8221;210911_KUNSZIGET_Photo &#8211; 6&#8243; show_in_lightbox=&#8221;on&#8221; _builder_version=&#8221;4.14.2&#8243; _module_preset=&#8221;default&#8221; global_colors_info=&#8221;{}&#8221;][\/et_pb_image][\/et_pb_column][et_pb_column type=&#8221;1_2&#8243; _builder_version=&#8221;3.25&#8243; custom_padding=&#8221;|||&#8221; global_colors_info=&#8221;{}&#8221; custom_padding__hover=&#8221;|||&#8221;][et_pb_image src=&#8221;https:\/\/kunszigetapartman.hu\/wp-content\/uploads\/2021\/12\/210911_KUNSZIGET_Photo-5.jpg&#8221; title_text=&#8221;210911_KUNSZIGET_Photo &#8211; 5&#8243; show_in_lightbox=&#8221;on&#8221; _builder_version=&#8221;4.14.2&#8243; _module_preset=&#8221;default&#8221; global_colors_info=&#8221;{}&#8221;][\/et_pb_image][\/et_pb_column][\/et_pb_row][et_pb_row _builder_version=&#8221;4.14.2&#8243; _module_preset=&#8221;default&#8221; global_colors_info=&#8221;{}&#8221;][et_pb_column type=&#8221;4_4&#8243; _builder_version=&#8221;4.14.2&#8243; _module_preset=&#8221;default&#8221; global_colors_info=&#8221;{}&#8221;][et_pb_divider _builder_version=&#8221;4.14.2&#8243; _module_preset=&#8221;default&#8221; global_colors_info=&#8221;{}&#8221;][\/et_pb_divider][\/et_pb_column][\/et_pb_row][et_pb_row column_structure=&#8221;1_2,1_2&#8243; admin_label=&#8221;Process Row&#8221; _builder_version=&#8221;3.25&#8243; custom_margin=&#8221;|auto|-5px|auto||&#8221; global_colors_info=&#8221;{}&#8221;][et_pb_column type=&#8221;1_2&#8243; _builder_version=&#8221;3.25&#8243; custom_padding=&#8221;|||&#8221; global_colors_info=&#8221;{}&#8221; custom_padding__hover=&#8221;|||&#8221;][et_pb_image src=&#8221;https:\/\/kunszigetapartman.hu\/wp-content\/uploads\/2021\/12\/210911_KUNSZIGET_Photo-10.jpg&#8221; title_text=&#8221;210911_KUNSZIGET_Photo &#8211; 10&#8243; show_in_lightbox=&#8221;on&#8221; _builder_version=&#8221;4.14.2&#8243; _module_preset=&#8221;default&#8221; global_colors_info=&#8221;{}&#8221;][\/et_pb_image][\/et_pb_column][et_pb_column type=&#8221;1_2&#8243; _builder_version=&#8221;3.25&#8243; custom_padding=&#8221;|||&#8221; global_colors_info=&#8221;{}&#8221; custom_padding__hover=&#8221;|||&#8221;][et_pb_image src=&#8221;https:\/\/kunszigetapartman.hu\/wp-content\/uploads\/2021\/12\/210911_KUNSZIGET_Photo-8.jpg&#8221; title_text=&#8221;210911_KUNSZIGET_Photo &#8211; 8&#8243; show_in_lightbox=&#8221;on&#8221; _builder_version=&#8221;4.14.2&#8243; _module_preset=&#8221;default&#8221; global_colors_info=&#8221;{}&#8221;][\/et_pb_image][\/et_pb_column][\/et_pb_row][et_pb_row _builder_version=&#8221;4.14.2&#8243; _module_preset=&#8221;default&#8221; global_colors_info=&#8221;{}&#8221;][et_pb_column type=&#8221;4_4&#8243; _builder_version=&#8221;4.14.2&#8243; _module_preset=&#8221;default&#8221; global_colors_info=&#8221;{}&#8221;][et_pb_divider _builder_version=&#8221;4.14.2&#8243; _module_preset=&#8221;default&#8221; global_colors_info=&#8221;{}&#8221;][\/et_pb_divider][et_pb_image src=&#8221;https:\/\/kunszigetapartman.hu\/wp-content\/uploads\/2021\/12\/210911_KUNSZIGET_Photo-9.jpg&#8221; title_text=&#8221;210911_KUNSZIGET_Photo &#8211; 9&#8243; show_in_lightbox=&#8221;on&#8221; _builder_version=&#8221;4.14.2&#8243; _module_preset=&#8221;default&#8221; global_colors_info=&#8221;{}&#8221;][\/et_pb_image][et_pb_divider _builder_version=&#8221;4.14.2&#8243; _module_preset=&#8221;default&#8221; global_colors_info=&#8221;{}&#8221;][\/et_pb_divider][\/et_pb_column][\/et_pb_row][et_pb_row column_structure=&#8221;1_2,1_2&#8243; _builder_version=&#8221;4.14.2&#8243; _module_preset=&#8221;default&#8221; global_colors_info=&#8221;{}&#8221;][et_pb_column type=&#8221;1_2&#8243; _builder_version=&#8221;4.14.2&#8243; _module_preset=&#8221;default&#8221; global_colors_info=&#8221;{}&#8221;][et_pb_image src=&#8221;https:\/\/kunszigetapartman.hu\/wp-content\/uploads\/2021\/12\/kRajztabla-1-100.jpg&#8221; title_text=&#8221;kRajzt\u00e1bla 1-100&#8243; show_in_lightbox=&#8221;on&#8221; force_fullwidth=&#8221;on&#8221; align_tablet=&#8221;center&#8221; align_phone=&#8221;center&#8221; align_last_edited=&#8221;on|desktop&#8221; _builder_version=&#8221;4.14.2&#8243; global_colors_info=&#8221;{}&#8221;][\/et_pb_image][et_pb_image src=&#8221;https:\/\/kunszigetapartman.hu\/wp-content\/uploads\/2021\/12\/szoba.jpg&#8221; title_text=&#8221;szoba&#8221; show_in_lightbox=&#8221;on&#8221; force_fullwidth=&#8221;on&#8221; align_tablet=&#8221;center&#8221; align_phone=&#8221;center&#8221; align_last_edited=&#8221;on|desktop&#8221; _builder_version=&#8221;4.14.2&#8243; global_colors_info=&#8221;{}&#8221;][\/et_pb_image][\/et_pb_column][et_pb_column type=&#8221;1_2&#8243; _builder_version=&#8221;4.14.2&#8243; _module_preset=&#8221;default&#8221; global_colors_info=&#8221;{}&#8221;][et_pb_text admin_label=&#8221;Title &#038; Paragraph&#8221; _builder_version=&#8221;4.14.2&#8243; text_font=&#8221;|600|||||||&#8221; text_font_size=&#8221;18px&#8221; text_line_height=&#8221;1.8em&#8221; header_font=&#8221;||||||||&#8221; header_2_font=&#8221;Muli|700|||||||&#8221; header_2_font_size=&#8221;50px&#8221; header_2_line_height=&#8221;1.4em&#8221; text_orientation=&#8221;center&#8221; max_width=&#8221;640px&#8221; max_width_last_edited=&#8221;off|desktop&#8221; module_alignment=&#8221;center&#8221; custom_margin=&#8221;|||&#8221; custom_margin_tablet=&#8221;0px|||0px&#8221; custom_margin_last_edited=&#8221;off|desktop&#8221; custom_padding=&#8221;|||&#8221; custom_padding_last_edited=&#8221;off|desktop&#8221; header_2_font_size_tablet=&#8221;&#8221; header_2_font_size_phone=&#8221;40px&#8221; header_2_font_size_last_edited=&#8221;on|desktop&#8221; locked=&#8221;off&#8221; global_colors_info=&#8221;{}&#8221;]<h2 class=\"et_pb_module_header et-fb-editable-element et-fb-editable-element__editing\" data-shortcode-id=\"1.0.0.0-1515376821367\" contenteditable=\"true\" style=\"text-align: center;\">Adatok<\/h2>\n<p style=\"text-align: left;\"><span>\u00c1r: brutt\u00f3 29 300 000 Ft<\/span><span><\/span><\/p>\n<p style=\"text-align: left;\"><span>Alapter\u00fclet 36,63 m2 + terasz<\/span><\/p>\n<p style=\"text-align: left;\"><span style=\"font-size: 18px;\">Szoba, f\u00fcrd\u0151, terasz<\/span><span><\/span><\/p>\n<p style=\"text-align: left;\">Emeletek: I. II. \u00e9s III.<\/p>\n<p style=\"text-align: left;\"><span style=\"font-size: 18px;\">T\u00e1jol\u00e1s: Nyugati, \u00e9szak-nyugati \u00e9s \u00e9szaki<\/span><\/p>\n<p style=\"text-align: left;\">Panor\u00e1ma: minden szoba t\u00f3ra n\u00e9z\u0151<\/p>\n<p style=\"text-align: left;\">Saj\u00e1t g\u00e9pkocsibe\u00e1ll\u00f3val<\/p>\n<p style=\"text-align: center;\"><span><\/span><\/p>[\/et_pb_text][et_pb_text admin_label=&#8221;Title &#038; Paragraph&#8221; _builder_version=&#8221;4.14.2&#8243; text_font=&#8221;|600|||||||&#8221; text_font_size=&#8221;18px&#8221; text_line_height=&#8221;1.8em&#8221; header_font=&#8221;||||||||&#8221; header_2_font=&#8221;Muli|700|||||||&#8221; header_2_font_size=&#8221;50px&#8221; header_2_line_height=&#8221;1.4em&#8221; text_orientation=&#8221;center&#8221; max_width=&#8221;640px&#8221; max_width_last_edited=&#8221;off|desktop&#8221; module_alignment=&#8221;center&#8221; custom_margin=&#8221;|||&#8221; custom_margin_tablet=&#8221;0px|||0px&#8221; custom_margin_last_edited=&#8221;off|desktop&#8221; custom_padding=&#8221;|||&#8221; custom_padding_last_edited=&#8221;off|desktop&#8221; header_2_font_size_tablet=&#8221;&#8221; header_2_font_size_phone=&#8221;40px&#8221; header_2_font_size_last_edited=&#8221;on|desktop&#8221; locked=&#8221;off&#8221; global_colors_info=&#8221;{}&#8221;]<h2 class=\"et_pb_module_header et-fb-editable-element et-fb-editable-element__editing\" data-shortcode-id=\"1.0.0.0-1515376821367\" contenteditable=\"true\" style=\"text-align: center;\">Befektet\u00e9si lehet\u0151s\u00e9g<\/h2>\n<p style=\"text-align: left;\">Ig\u00e9ny eset\u00e9n a sz\u00e1lloda v\u00e1llalja az \u00f6n \u00e1ltal megv\u00e1s\u00e1rolt szoba \u00fczemeltet\u00e9s\u00e9t, b\u00e9rbead\u00e1s\u00e1t, \u00edgy befektet\u00e9snek is ide\u00e1lis.<\/p>\n<p style=\"text-align: center;\"><span><\/span><\/p>[\/et_pb_text][\/et_pb_column][\/et_pb_row][\/et_pb_section][et_pb_section fb_built=&#8221;1&#8243; admin_label=&#8221;Subscription Section&#8221; _builder_version=&#8221;4.14.2&#8243; background_image=&#8221;https:\/\/kunszigetapartman.hu\/wp-content\/uploads\/2021\/12\/hatter1.jpg&#8221; background_position=&#8221;top_center&#8221; custom_padding=&#8221;1%|0px|8%|0px||&#8221; global_module=&#8221;71&#8243; saved_tabs=&#8221;all&#8221; global_colors_info=&#8221;{}&#8221;][et_pb_row column_structure=&#8221;1_2,1_2&#8243; admin_label=&#8221;Subscription Row&#8221; _builder_version=&#8221;3.25&#8243; custom_padding=&#8221;|||&#8221; global_colors_info=&#8221;{}&#8221;][et_pb_column type=&#8221;1_2&#8243; _builder_version=&#8221;3.25&#8243; custom_padding=&#8221;|||&#8221; global_colors_info=&#8221;{}&#8221; custom_padding__hover=&#8221;|||&#8221;][et_pb_text admin_label=&#8221;Title &#038; Paragraph&#8221; _builder_version=&#8221;4.14.2&#8243; text_font=&#8221;Muli|600|||||||&#8221; text_font_size=&#8221;18px&#8221; text_line_height=&#8221;1.8em&#8221; header_font=&#8221;||||||||&#8221; header_2_font=&#8221;Muli|700|||||||&#8221; header_2_font_size=&#8221;50px&#8221; header_2_line_height=&#8221;1.4em&#8221; text_orientation=&#8221;center&#8221; max_width=&#8221;640px&#8221; max_width_last_edited=&#8221;off|desktop&#8221; module_alignment=&#8221;center&#8221; custom_margin=&#8221;0px||||false|false&#8221; custom_margin_tablet=&#8221;0px|||0px&#8221; custom_margin_last_edited=&#8221;off|desktop&#8221; custom_padding=&#8221;30px|30px|30px|30px|false|false&#8221; custom_padding_last_edited=&#8221;off|desktop&#8221; hover_enabled=&#8221;0&#8243; header_2_font_size_tablet=&#8221;&#8221; header_2_font_size_phone=&#8221;40px&#8221; header_2_font_size_last_edited=&#8221;on|desktop&#8221; locked=&#8221;off&#8221; global_colors_info=&#8221;{}&#8221; sticky_enabled=&#8221;0&#8243; background_color=&#8221;rgba(255,255,255,0.62)&#8221;]<h2 class=\"et_pb_module_header et-fb-editable-element et-fb-editable-element__editing\" data-shortcode-id=\"1.0.0.0-1515376821367\" contenteditable=\"true\">Felkeltett\u00fck \u00e9rdekl\u0151d\u00e9s\u00e9t?<\/h2>\n<p><span>L\u00e9pj vel\u00fcnk kapcsolatba egyedi aj\u00e1nlat\u00e9rt! Haszn\u00e1lja a jobb oldali kapcsolati formot \u00e9s keresni fogjuk, vagy haszn\u00e1lja az al\u00e1bbi kapcsolati adatokat:<\/span><span><\/span><\/p>\n<p><span><a class=\"Link_link__2uLjT\" href=\"tel:+36 1 269 2718\">+36 1 269 2718<\/a><\/span><\/p>\n<p><span><a href=\"mailto:info@drukka.hu\">info@drukka.hu<\/a><\/span><\/p>\n<p><span>Drukka KFT<\/span><\/p>[\/et_pb_text][\/et_pb_column][et_pb_column type=&#8221;1_2&#8243; _builder_version=&#8221;3.25&#8243; custom_padding=&#8221;|||&#8221; global_colors_info=&#8221;{}&#8221; custom_padding__hover=&#8221;|||&#8221;][et_pb_contact_form success_message=&#8221;K\u00f6sz\u00f6nj\u00fck, hamarosan kapcsolatba l\u00e9p\u00fcnk \u00f6nnel!&#8221; submit_button_text=&#8221;Kapcsolat&#8221; _builder_version=&#8221;4.14.2&#8243; _module_preset=&#8221;default&#8221; _unique_id=&#8221;6d00b5b1-e466-4126-8315-73e87fd6cbf7&#8243; custom_button=&#8221;on&#8221; button_text_color=&#8221;#FFFFFF&#8221; button_bg_color=&#8221;#000000&#8243; button_border_width=&#8221;0px&#8221; button_border_radius=&#8221;0px&#8221; global_colors_info=&#8221;{}&#8221;][et_pb_contact_field field_id=&#8221;Name&#8221; field_title=&#8221;N\u00e9v&#8221; _builder_version=&#8221;4.14.2&#8243; global_colors_info=&#8221;{}&#8221; button_text_size__hover_enabled=&#8221;off&#8221; button_one_text_size__hover_enabled=&#8221;off&#8221; button_two_text_size__hover_enabled=&#8221;off&#8221; button_text_color__hover_enabled=&#8221;off&#8221; button_one_text_color__hover_enabled=&#8221;off&#8221; button_two_text_color__hover_enabled=&#8221;off&#8221; button_border_width__hover_enabled=&#8221;off&#8221; button_one_border_width__hover_enabled=&#8221;off&#8221; button_two_border_width__hover_enabled=&#8221;off&#8221; button_border_color__hover_enabled=&#8221;off&#8221; button_one_border_color__hover_enabled=&#8221;off&#8221; button_two_border_color__hover_enabled=&#8221;off&#8221; button_border_radius__hover_enabled=&#8221;off&#8221; button_one_border_radius__hover_enabled=&#8221;off&#8221; button_two_border_radius__hover_enabled=&#8221;off&#8221; button_letter_spacing__hover_enabled=&#8221;off&#8221; button_one_letter_spacing__hover_enabled=&#8221;off&#8221; button_two_letter_spacing__hover_enabled=&#8221;off&#8221; button_bg_color__hover_enabled=&#8221;off&#8221; button_one_bg_color__hover_enabled=&#8221;off&#8221; button_two_bg_color__hover_enabled=&#8221;off&#8221;][\/et_pb_contact_field][et_pb_contact_field field_id=&#8221;Email&#8221; field_title=&#8221;Email C\u00edm&#8221; field_type=&#8221;email&#8221; _builder_version=&#8221;4.14.2&#8243; global_colors_info=&#8221;{}&#8221; button_text_size__hover_enabled=&#8221;off&#8221; button_one_text_size__hover_enabled=&#8221;off&#8221; button_two_text_size__hover_enabled=&#8221;off&#8221; button_text_color__hover_enabled=&#8221;off&#8221; button_one_text_color__hover_enabled=&#8221;off&#8221; button_two_text_color__hover_enabled=&#8221;off&#8221; button_border_width__hover_enabled=&#8221;off&#8221; button_one_border_width__hover_enabled=&#8221;off&#8221; button_two_border_width__hover_enabled=&#8221;off&#8221; button_border_color__hover_enabled=&#8221;off&#8221; button_one_border_color__hover_enabled=&#8221;off&#8221; button_two_border_color__hover_enabled=&#8221;off&#8221; button_border_radius__hover_enabled=&#8221;off&#8221; button_one_border_radius__hover_enabled=&#8221;off&#8221; button_two_border_radius__hover_enabled=&#8221;off&#8221; button_letter_spacing__hover_enabled=&#8221;off&#8221; button_one_letter_spacing__hover_enabled=&#8221;off&#8221; button_two_letter_spacing__hover_enabled=&#8221;off&#8221; button_bg_color__hover_enabled=&#8221;off&#8221; button_one_bg_color__hover_enabled=&#8221;off&#8221; button_two_bg_color__hover_enabled=&#8221;off&#8221;][\/et_pb_contact_field][et_pb_contact_field field_id=&#8221;phone&#8221; field_title=&#8221;Telefonsz\u00e1m&#8221; fullwidth_field=&#8221;on&#8221; _builder_version=&#8221;4.14.2&#8243; _module_preset=&#8221;default&#8221; global_colors_info=&#8221;{}&#8221;][\/et_pb_contact_field][et_pb_contact_field field_id=&#8221;Message&#8221; field_title=&#8221;\u00dczenet&#8221; field_type=&#8221;text&#8221; fullwidth_field=&#8221;on&#8221; _builder_version=&#8221;4.14.2&#8243; global_colors_info=&#8221;{}&#8221; button_text_size__hover_enabled=&#8221;off&#8221; button_one_text_size__hover_enabled=&#8221;off&#8221; button_two_text_size__hover_enabled=&#8221;off&#8221; button_text_color__hover_enabled=&#8221;off&#8221; button_one_text_color__hover_enabled=&#8221;off&#8221; button_two_text_color__hover_enabled=&#8221;off&#8221; button_border_width__hover_enabled=&#8221;off&#8221; button_one_border_width__hover_enabled=&#8221;off&#8221; button_two_border_width__hover_enabled=&#8221;off&#8221; button_border_color__hover_enabled=&#8221;off&#8221; button_one_border_color__hover_enabled=&#8221;off&#8221; button_two_border_color__hover_enabled=&#8221;off&#8221; button_border_radius__hover_enabled=&#8221;off&#8221; button_one_border_radius__hover_enabled=&#8221;off&#8221; button_two_border_radius__hover_enabled=&#8221;off&#8221; button_letter_spacing__hover_enabled=&#8221;off&#8221; button_one_letter_spacing__hover_enabled=&#8221;off&#8221; button_two_letter_spacing__hover_enabled=&#8221;off&#8221; button_bg_color__hover_enabled=&#8221;off&#8221; button_one_bg_color__hover_enabled=&#8221;off&#8221; button_two_bg_color__hover_enabled=&#8221;off&#8221;][\/et_pb_contact_field][\/et_pb_contact_form][\/et_pb_column][\/et_pb_row][\/et_pb_section]\n","protected":false},"excerpt":{"rendered":"<p>T\u00f3ra n\u00e9z\u0151 emeleti szoba A 100 szob\u00e1s sz\u00e1lloda minden szob\u00e1j\u00e1r\u00f3l kiv\u00e1l\u00f3 kil\u00e1t\u00e1s ny\u00edlik a t\u00f3ra \u00e9s a birtok f\u00e1kkal tark\u00edtott ter\u00fclet\u00e9re. A szob\u00e1k \u00e9s lakoszt\u00e1lyok kialak\u00edt\u00e1sa 4 csillag, \u00e1rny\u00e9kolt teraszokra kihelyezett kis jakuzzik, grillek fokozz\u00e1k a szolg\u00e1ltat\u00e1s sz\u00ednvonal\u00e1t.\u00a0Adatok \u00c1r: brutt\u00f3 29 300 000 Ft Alapter\u00fclet 36,63 m2 + terasz Szoba, f\u00fcrd\u0151, terasz Emeletek: I. II. [&hellip;]<\/p>\n","protected":false},"author":1,"featured_media":376,"comment_status":"closed","ping_status":"closed","template":"","meta":{"_et_pb_use_builder":"on","_et_pb_old_content":"","_et_gb_content_width":"","footnotes":""},"project_category":[14,17,13],"project_tag":[],"class_list":["post-121","project","type-project","status-publish","has-post-thumbnail","hentry","project_category-emeleti-szoba","project_category-ketszemelyes","project_category-teljes-panorama"],"yoast_head":"<!-- This site is optimized with the Yoast SEO plugin v17.7.1 - https:\/\/yoast.com\/wordpress\/plugins\/seo\/ -->\n<title>T\u00f3ra n\u00e9z\u0151 k\u00e9tszem\u00e9lyes szoba - Kunsziget Apartmanok<\/title>\n<meta name=\"robots\" content=\"index, follow, max-snippet:-1, max-image-preview:large, max-video-preview:-1\" \/>\n<link rel=\"canonical\" href=\"https:\/\/kunszigetapartman.hu\/index.php\/project\/tora-nezo-emeleti-szoba\/\" \/>\n<meta property=\"og:locale\" content=\"hu_HU\" \/>\n<meta property=\"og:type\" content=\"article\" \/>\n<meta property=\"og:title\" content=\"T\u00f3ra n\u00e9z\u0151 k\u00e9tszem\u00e9lyes szoba - Kunsziget Apartmanok\" \/>\n<meta property=\"og:description\" content=\"T\u00f3ra n\u00e9z\u0151 emeleti szoba A 100 szob\u00e1s sz\u00e1lloda minden szob\u00e1j\u00e1r\u00f3l kiv\u00e1l\u00f3 kil\u00e1t\u00e1s ny\u00edlik a t\u00f3ra \u00e9s a birtok f\u00e1kkal tark\u00edtott ter\u00fclet\u00e9re. A szob\u00e1k \u00e9s lakoszt\u00e1lyok kialak\u00edt\u00e1sa 4 csillag, \u00e1rny\u00e9kolt teraszokra kihelyezett kis jakuzzik, grillek fokozz\u00e1k a szolg\u00e1ltat\u00e1s sz\u00ednvonal\u00e1t.\u00a0Adatok \u00c1r: brutt\u00f3 29 300 000 Ft Alapter\u00fclet 36,63 m2 + terasz Szoba, f\u00fcrd\u0151, terasz Emeletek: I. II. [&hellip;]\" \/>\n<meta property=\"og:url\" content=\"https:\/\/kunszigetapartman.hu\/index.php\/project\/tora-nezo-emeleti-szoba\/\" \/>\n<meta property=\"og:site_name\" content=\"Kunsziget Apartmanok\" \/>\n<meta property=\"article:modified_time\" content=\"2022-01-04T15:45:08+00:00\" \/>\n<meta property=\"og:image\" content=\"https:\/\/kunszigetapartman.hu\/wp-content\/uploads\/2021\/12\/alaprajzokRajztabla-6.jpg\" \/>\n\t<meta property=\"og:image:width\" content=\"939\" \/>\n\t<meta property=\"og:image:height\" content=\"675\" \/>\n<meta name=\"twitter:card\" content=\"summary_large_image\" \/>\n<meta name=\"twitter:label1\" content=\"Becs\u00fclt olvas\u00e1si id\u0151\" \/>\n\t<meta name=\"twitter:data1\" content=\"3 perc\" \/>\n<script type=\"application\/ld+json\" class=\"yoast-schema-graph\">{\"@context\":\"https:\/\/schema.org\",\"@graph\":[{\"@type\":\"WebSite\",\"@id\":\"https:\/\/kunszigetapartman.hu\/#website\",\"url\":\"https:\/\/kunszigetapartman.hu\/\",\"name\":\"Kunsziget Apartmanok\",\"description\":\"Just another WordPress site\",\"potentialAction\":[{\"@type\":\"SearchAction\",\"target\":{\"@type\":\"EntryPoint\",\"urlTemplate\":\"https:\/\/kunszigetapartman.hu\/?s={search_term_string}\"},\"query-input\":\"required name=search_term_string\"}],\"inLanguage\":\"hu\"},{\"@type\":\"ImageObject\",\"@id\":\"https:\/\/kunszigetapartman.hu\/index.php\/project\/tora-nezo-emeleti-szoba\/#primaryimage\",\"inLanguage\":\"hu\",\"url\":\"https:\/\/kunszigetapartman.hu\/wp-content\/uploads\/2021\/12\/alaprajzokRajztabla-6.jpg\",\"contentUrl\":\"https:\/\/kunszigetapartman.hu\/wp-content\/uploads\/2021\/12\/alaprajzokRajztabla-6.jpg\",\"width\":939,\"height\":675},{\"@type\":\"WebPage\",\"@id\":\"https:\/\/kunszigetapartman.hu\/index.php\/project\/tora-nezo-emeleti-szoba\/#webpage\",\"url\":\"https:\/\/kunszigetapartman.hu\/index.php\/project\/tora-nezo-emeleti-szoba\/\",\"name\":\"T\\u00f3ra n\\u00e9z\\u0151 k\\u00e9tszem\\u00e9lyes szoba - Kunsziget Apartmanok\",\"isPartOf\":{\"@id\":\"https:\/\/kunszigetapartman.hu\/#website\"},\"primaryImageOfPage\":{\"@id\":\"https:\/\/kunszigetapartman.hu\/index.php\/project\/tora-nezo-emeleti-szoba\/#primaryimage\"},\"datePublished\":\"2021-12-09T10:54:46+00:00\",\"dateModified\":\"2022-01-04T15:45:08+00:00\",\"breadcrumb\":{\"@id\":\"https:\/\/kunszigetapartman.hu\/index.php\/project\/tora-nezo-emeleti-szoba\/#breadcrumb\"},\"inLanguage\":\"hu\",\"potentialAction\":[{\"@type\":\"ReadAction\",\"target\":[\"https:\/\/kunszigetapartman.hu\/index.php\/project\/tora-nezo-emeleti-szoba\/\"]}]},{\"@type\":\"BreadcrumbList\",\"@id\":\"https:\/\/kunszigetapartman.hu\/index.php\/project\/tora-nezo-emeleti-szoba\/#breadcrumb\",\"itemListElement\":[{\"@type\":\"ListItem\",\"position\":1,\"name\":\"Home\",\"item\":\"https:\/\/kunszigetapartman.hu\/\"},{\"@type\":\"ListItem\",\"position\":2,\"name\":\"Projects\",\"item\":\"https:\/\/kunszigetapartman.hu\/index.php\/project\/\"},{\"@type\":\"ListItem\",\"position\":3,\"name\":\"T\\u00f3ra n\\u00e9z\\u0151 k\\u00e9tszem\\u00e9lyes szoba\"}]}]}<\/script>\n<!-- \/ Yoast SEO plugin. -->","yoast_head_json":{"title":"T\u00f3ra n\u00e9z\u0151 k\u00e9tszem\u00e9lyes szoba - Kunsziget Apartmanok","robots":{"index":"index","follow":"follow","max-snippet":"max-snippet:-1","max-image-preview":"max-image-preview:large","max-video-preview":"max-video-preview:-1"},"canonical":"https:\/\/kunszigetapartman.hu\/index.php\/project\/tora-nezo-emeleti-szoba\/","og_locale":"hu_HU","og_type":"article","og_title":"T\u00f3ra n\u00e9z\u0151 k\u00e9tszem\u00e9lyes szoba - Kunsziget Apartmanok","og_description":"T\u00f3ra n\u00e9z\u0151 emeleti szoba A 100 szob\u00e1s sz\u00e1lloda minden szob\u00e1j\u00e1r\u00f3l kiv\u00e1l\u00f3 kil\u00e1t\u00e1s ny\u00edlik a t\u00f3ra \u00e9s a birtok f\u00e1kkal tark\u00edtott ter\u00fclet\u00e9re. A szob\u00e1k \u00e9s lakoszt\u00e1lyok kialak\u00edt\u00e1sa 4 csillag, \u00e1rny\u00e9kolt teraszokra kihelyezett kis jakuzzik, grillek fokozz\u00e1k a szolg\u00e1ltat\u00e1s sz\u00ednvonal\u00e1t.\u00a0Adatok \u00c1r: brutt\u00f3 29 300 000 Ft Alapter\u00fclet 36,63 m2 + terasz Szoba, f\u00fcrd\u0151, terasz Emeletek: I. II. [&hellip;]","og_url":"https:\/\/kunszigetapartman.hu\/index.php\/project\/tora-nezo-emeleti-szoba\/","og_site_name":"Kunsziget Apartmanok","article_modified_time":"2022-01-04T15:45:08+00:00","og_image":[{"width":939,"height":675,"url":"https:\/\/kunszigetapartman.hu\/wp-content\/uploads\/2021\/12\/alaprajzokRajztabla-6.jpg","type":"image\/jpeg"}],"twitter_card":"summary_large_image","twitter_misc":{"Becs\u00fclt olvas\u00e1si id\u0151":"3 perc"},"schema":{"@context":"https:\/\/schema.org","@graph":[{"@type":"WebSite","@id":"https:\/\/kunszigetapartman.hu\/#website","url":"https:\/\/kunszigetapartman.hu\/","name":"Kunsziget Apartmanok","description":"Just another WordPress site","potentialAction":[{"@type":"SearchAction","target":{"@type":"EntryPoint","urlTemplate":"https:\/\/kunszigetapartman.hu\/?s={search_term_string}"},"query-input":"required name=search_term_string"}],"inLanguage":"hu"},{"@type":"ImageObject","@id":"https:\/\/kunszigetapartman.hu\/index.php\/project\/tora-nezo-emeleti-szoba\/#primaryimage","inLanguage":"hu","url":"https:\/\/kunszigetapartman.hu\/wp-content\/uploads\/2021\/12\/alaprajzokRajztabla-6.jpg","contentUrl":"https:\/\/kunszigetapartman.hu\/wp-content\/uploads\/2021\/12\/alaprajzokRajztabla-6.jpg","width":939,"height":675},{"@type":"WebPage","@id":"https:\/\/kunszigetapartman.hu\/index.php\/project\/tora-nezo-emeleti-szoba\/#webpage","url":"https:\/\/kunszigetapartman.hu\/index.php\/project\/tora-nezo-emeleti-szoba\/","name":"T\u00f3ra n\u00e9z\u0151 k\u00e9tszem\u00e9lyes szoba - Kunsziget Apartmanok","isPartOf":{"@id":"https:\/\/kunszigetapartman.hu\/#website"},"primaryImageOfPage":{"@id":"https:\/\/kunszigetapartman.hu\/index.php\/project\/tora-nezo-emeleti-szoba\/#primaryimage"},"datePublished":"2021-12-09T10:54:46+00:00","dateModified":"2022-01-04T15:45:08+00:00","breadcrumb":{"@id":"https:\/\/kunszigetapartman.hu\/index.php\/project\/tora-nezo-emeleti-szoba\/#breadcrumb"},"inLanguage":"hu","potentialAction":[{"@type":"ReadAction","target":["https:\/\/kunszigetapartman.hu\/index.php\/project\/tora-nezo-emeleti-szoba\/"]}]},{"@type":"BreadcrumbList","@id":"https:\/\/kunszigetapartman.hu\/index.php\/project\/tora-nezo-emeleti-szoba\/#breadcrumb","itemListElement":[{"@type":"ListItem","position":1,"name":"Home","item":"https:\/\/kunszigetapartman.hu\/"},{"@type":"ListItem","position":2,"name":"Projects","item":"https:\/\/kunszigetapartman.hu\/index.php\/project\/"},{"@type":"ListItem","position":3,"name":"T\u00f3ra n\u00e9z\u0151 k\u00e9tszem\u00e9lyes szoba"}]}]}},"_links":{"self":[{"href":"https:\/\/kunszigetapartman.hu\/index.php\/wp-json\/wp\/v2\/project\/121","targetHints":{"allow":["GET"]}}],"collection":[{"href":"https:\/\/kunszigetapartman.hu\/index.php\/wp-json\/wp\/v2\/project"}],"about":[{"href":"https:\/\/kunszigetapartman.hu\/index.php\/wp-json\/wp\/v2\/types\/project"}],"author":[{"embeddable":true,"href":"https:\/\/kunszigetapartman.hu\/index.php\/wp-json\/wp\/v2\/users\/1"}],"replies":[{"embeddable":true,"href":"https:\/\/kunszigetapartman.hu\/index.php\/wp-json\/wp\/v2\/comments?post=121"}],"version-history":[{"count":12,"href":"https:\/\/kunszigetapartman.hu\/index.php\/wp-json\/wp\/v2\/project\/121\/revisions"}],"predecessor-version":[{"id":381,"href":"https:\/\/kunszigetapartman.hu\/index.php\/wp-json\/wp\/v2\/project\/121\/revisions\/381"}],"wp:featuredmedia":[{"embeddable":true,"href":"https:\/\/kunszigetapartman.hu\/index.php\/wp-json\/wp\/v2\/media\/376"}],"wp:attachment":[{"href":"https:\/\/kunszigetapartman.hu\/index.php\/wp-json\/wp\/v2\/media?parent=121"}],"wp:term":[{"taxonomy":"project_category","embeddable":true,"href":"https:\/\/kunszigetapartman.hu\/index.php\/wp-json\/wp\/v2\/project_category?post=121"},{"taxonomy":"project_tag","embeddable":true,"href":"https:\/\/kunszigetapartman.hu\/index.php\/wp-json\/wp\/v2\/project_tag?post=121"}],"curies":[{"name":"wp","href":"https:\/\/api.w.org\/{rel}","templated":true}]}}