{"id":8,"date":"2021-10-03T18:25:45","date_gmt":"2021-10-03T18:25:45","guid":{"rendered":"https:\/\/kunszigetresort.hu\/?page_id=8"},"modified":"2021-12-15T22:04:28","modified_gmt":"2021-12-15T22:04:28","slug":"magankorhaz","status":"publish","type":"page","link":"https:\/\/kunszigetapartman.hu\/index.php\/magankorhaz\/","title":{"rendered":"Mag\u00e1nk\u00f3rh\u00e1z"},"content":{"rendered":"<p>[et_pb_section fb_built=&#8221;1&#8243; _builder_version=&#8221;4.11.1&#8243; _module_preset=&#8221;default&#8221; global_colors_info=&#8221;{}&#8221; theme_builder_area=&#8221;post_content&#8221;][et_pb_row column_structure=&#8221;1_2,1_2&#8243; _builder_version=&#8221;4.11.1&#8243; _module_preset=&#8221;default&#8221; global_colors_info=&#8221;{}&#8221; theme_builder_area=&#8221;post_content&#8221;][et_pb_column type=&#8221;1_2&#8243; _builder_version=&#8221;4.11.1&#8243; _module_preset=&#8221;default&#8221; global_colors_info=&#8221;{}&#8221; theme_builder_area=&#8221;post_content&#8221;][et_pb_cta title=&#8221;Mag\u00e1nk\u00f3rh\u00e1z&#8221; button_url=&#8221;#top&#8221; admin_label=&#8221;Heading, Subheading &#038; CTA Button&#8221; _builder_version=&#8221;4.11.1&#8243; header_level=&#8221;h1&#8243; header_font=&#8221;Muli|700|||||||&#8221; header_text_align=&#8221;left&#8221; header_font_size=&#8221;65px&#8221; header_line_height=&#8221;1.4em&#8221; body_font=&#8221;Muli|600|||||||&#8221; body_text_align=&#8221;left&#8221; body_font_size=&#8221;18px&#8221; body_line_height=&#8221;1.8em&#8221; use_background_color=&#8221;off&#8221; custom_button=&#8221;on&#8221; button_text_size=&#8221;16px&#8221; button_text_color=&#8221;#ffffff&#8221; button_bg_color=&#8221;#f4583f&#8221; button_border_width=&#8221;10px&#8221; button_border_color=&#8221;#f4583f&#8221; button_border_radius=&#8221;0px&#8221; button_font=&#8221;Muli|700|||||||&#8221; button_use_icon=&#8221;off&#8221; background_layout=&#8221;light&#8221; max_width=&#8221;540px&#8221; module_alignment=&#8221;right&#8221; custom_margin=&#8221;|||&#8221; custom_margin_tablet=&#8221;3vw||3vw|&#8221; custom_margin_phone=&#8221;|||&#8221; custom_margin_last_edited=&#8221;on|desktop&#8221; animation_style=&#8221;fade&#8221; header_font_size_tablet=&#8221;&#8221; header_font_size_phone=&#8221;50px&#8221; header_font_size_last_edited=&#8221;on|phone&#8221; button_border_radius_hover=&#8221;0px&#8221; locked=&#8221;off&#8221; global_colors_info=&#8221;{}&#8221; button_text_size__hover_enabled=&#8221;off&#8221; button_one_text_size__hover_enabled=&#8221;off&#8221; button_two_text_size__hover_enabled=&#8221;off&#8221; button_text_color__hover_enabled=&#8221;off&#8221; button_one_text_color__hover_enabled=&#8221;off&#8221; button_two_text_color__hover_enabled=&#8221;off&#8221; button_border_width__hover_enabled=&#8221;off&#8221; button_one_border_width__hover_enabled=&#8221;off&#8221; button_two_border_width__hover_enabled=&#8221;off&#8221; button_border_color__hover_enabled=&#8221;off&#8221; button_one_border_color__hover_enabled=&#8221;off&#8221; button_two_border_color__hover_enabled=&#8221;off&#8221; button_border_radius__hover_enabled=&#8221;on&#8221; button_border_radius__hover=&#8221;0px&#8221; button_one_border_radius__hover_enabled=&#8221;off&#8221; button_two_border_radius__hover_enabled=&#8221;off&#8221; button_letter_spacing__hover_enabled=&#8221;off&#8221; button_one_letter_spacing__hover_enabled=&#8221;off&#8221; button_two_letter_spacing__hover_enabled=&#8221;off&#8221; button_bg_color__hover_enabled=&#8221;off&#8221; button_one_bg_color__hover_enabled=&#8221;off&#8221; button_two_bg_color__hover_enabled=&#8221;off&#8221; theme_builder_area=&#8221;post_content&#8221;]<\/p>\n<p>A Kunszigeti term\u00e1lbirtokon tal\u00e1lhat\u00f3 mag\u00e1nklinika a t\u00f6k\u00e9letes hely gy\u00f3gyul\u00e1sra, rehabilit\u00e1ci\u00f3ra pihen\u00e9sre. Felszerelt int\u00e9zm\u00e9nyeink \u00e9s term\u00e1lvizes f\u00fcrd\u0151ink biztos\u00edtj\u00e1k a gondtalan helyre\u00e1ll\u00e1s k\u00f6r\u00fclm\u00e9nyeit.<\/p>\n<p>&nbsp;<\/p>\n<p>&nbsp;<\/p>\n<p>[\/et_pb_cta][\/et_pb_column][et_pb_column type=&#8221;1_2&#8243; _builder_version=&#8221;4.11.1&#8243; _module_preset=&#8221;default&#8221; global_colors_info=&#8221;{}&#8221; theme_builder_area=&#8221;post_content&#8221;][et_pb_image src=&#8221;https:\/\/kunszigetresort.hu\/wp-content\/uploads\/2021\/12\/210911_KUNSZIGET_Photo-33b.jpg&#8221; title_text=&#8221;210911_KUNSZIGET_Photo &#8211; 33b&#8221; _builder_version=&#8221;4.11.1&#8243; _module_preset=&#8221;default&#8221; global_colors_info=&#8221;{}&#8221; theme_builder_area=&#8221;post_content&#8221;][\/et_pb_image][\/et_pb_column][\/et_pb_row][\/et_pb_section][et_pb_section fb_built=&#8221;1&#8243; _builder_version=&#8221;4.14.2&#8243; _module_preset=&#8221;default&#8221; global_colors_info=&#8221;{}&#8221; theme_builder_area=&#8221;post_content&#8221;][et_pb_row column_structure=&#8221;1_2,1_4,1_4&#8243; _builder_version=&#8221;4.14.2&#8243; _module_preset=&#8221;default&#8221; global_colors_info=&#8221;{}&#8221; theme_builder_area=&#8221;post_content&#8221;][et_pb_column type=&#8221;1_2&#8243; _builder_version=&#8221;4.14.2&#8243; _module_preset=&#8221;default&#8221; global_colors_info=&#8221;{}&#8221; theme_builder_area=&#8221;post_content&#8221;][et_pb_text _builder_version=&#8221;4.14.2&#8243; _module_preset=&#8221;default&#8221; global_colors_info=&#8221;{}&#8221; theme_builder_area=&#8221;post_content&#8221;]<\/p>\n<h4>Fo\u030bbb adatok:<\/h4>\n<ul>\n<li>\n<p>2400-4800 m2 ig\u00e9ny szerint kialak\u00edtva, bo\u030bv\u00edt\u00e9si leheto\u030bs\u00e9ggel<\/p>\n<\/li>\n<li>\n<p>Kisebb szakrendel\u00e9seknek (300 m2-to\u030bl) is biztos\u00edtunk helyet<span class=\"Apple-converted-space\">\u00a0<\/span><\/p>\n<\/li>\n<li>Modern kialak\u00edt\u00e1s, k\u00f6zel z\u00e9ro emisszi\u00f3s, k\u00f6rnyezetk\u00edm\u00e9lo\u030b, \u201eokos\u201d \u00e9p\u00fclet<\/li>\n<li>Term\u00e1lv\u00edz bek\u00f6t\u00e9s<\/li>\n<li>A 20 hekt\u00e1ros resort r\u00e9sze, gy\u00f6ny\u00f6ru\u030b k\u00f6rnyezet, saj\u00e1t t\u00f3<\/li>\n<li>Resort szolg\u00e1ltat\u00e1sok haszn\u00e1lata:<span class=\"Apple-converted-space\">\u00a0<\/span>\n<ul>\n<li>Eg\u00e9szs\u00e9gklinika, orvosi ell\u00e1t\u00e1s<\/li>\n<li>2000 m2 Spa, term\u00e1lkezel\u00e9sek<\/li>\n<li>Hotel****<\/li>\n<li>Apartmanok<span class=\"Apple-converted-space\">\u00a0<\/span><\/li>\n<li>\u00dasz\u00f3- \u00e9s lombh\u00e1zak<\/li>\n<li>\u00c9ttermek, sz\u00f3rakoz\u00e1s<\/li>\n<li>Sport<span class=\"Apple-converted-space\">\u00a0<\/span><\/li>\n<\/ul>\n<\/li>\n<\/ul>\n<p>[\/et_pb_text][\/et_pb_column][et_pb_column type=&#8221;1_4&#8243; _builder_version=&#8221;4.14.2&#8243; _module_preset=&#8221;default&#8221; global_colors_info=&#8221;{}&#8221; theme_builder_area=&#8221;post_content&#8221;][et_pb_image src=&#8221;https:\/\/kunszigetresort.hu\/wp-content\/uploads\/2021\/10\/210911_KUNSZIGET_Photo-29.jpg&#8221; title_text=&#8221;210911_KUNSZIGET_Photo &#8211; 29&#8243; show_in_lightbox=&#8221;on&#8221; _builder_version=&#8221;4.14.2&#8243; _module_preset=&#8221;default&#8221; global_colors_info=&#8221;{}&#8221; theme_builder_area=&#8221;post_content&#8221;][\/et_pb_image][et_pb_image src=&#8221;https:\/\/kunszigetresort.hu\/wp-content\/uploads\/2021\/10\/210911_KUNSZIGET_Photo-32.jpg&#8221; title_text=&#8221;210911_KUNSZIGET_Photo &#8211; 32&#8243; show_in_lightbox=&#8221;on&#8221; _builder_version=&#8221;4.11.1&#8243; _module_preset=&#8221;default&#8221; global_colors_info=&#8221;{}&#8221; theme_builder_area=&#8221;post_content&#8221;][\/et_pb_image][\/et_pb_column][et_pb_column type=&#8221;1_4&#8243; _builder_version=&#8221;4.14.2&#8243; _module_preset=&#8221;default&#8221; global_colors_info=&#8221;{}&#8221; theme_builder_area=&#8221;post_content&#8221;][et_pb_image src=&#8221;https:\/\/kunszigetresort.hu\/wp-content\/uploads\/2021\/10\/210911_KUNSZIGET_Photo-31.jpg&#8221; title_text=&#8221;210911_KUNSZIGET_Photo &#8211; 31&#8243; show_in_lightbox=&#8221;on&#8221; _builder_version=&#8221;4.11.1&#8243; _module_preset=&#8221;default&#8221; global_colors_info=&#8221;{}&#8221; theme_builder_area=&#8221;post_content&#8221;][\/et_pb_image][et_pb_image src=&#8221;https:\/\/kunszigetresort.hu\/wp-content\/uploads\/2021\/10\/210911_KUNSZIGET_Photo-30.jpg&#8221; title_text=&#8221;210911_KUNSZIGET_Photo &#8211; 30&#8243; show_in_lightbox=&#8221;on&#8221; _builder_version=&#8221;4.11.1&#8243; _module_preset=&#8221;default&#8221; global_colors_info=&#8221;{}&#8221; theme_builder_area=&#8221;post_content&#8221;][\/et_pb_image][\/et_pb_column][\/et_pb_row][et_pb_row column_structure=&#8221;1_4,1_4,1_2&#8243; _builder_version=&#8221;4.14.2&#8243; _module_preset=&#8221;default&#8221; global_colors_info=&#8221;{}&#8221; theme_builder_area=&#8221;post_content&#8221;][et_pb_column type=&#8221;1_4&#8243; _builder_version=&#8221;4.14.2&#8243; _module_preset=&#8221;default&#8221; global_colors_info=&#8221;{}&#8221; theme_builder_area=&#8221;post_content&#8221;][et_pb_image src=&#8221;https:\/\/kunszigetapartman.hu\/wp-content\/uploads\/2021\/12\/E-NY-01-Pince-alaprajz.png&#8221; title_text=&#8221;\u00c9-NY-01 Pince alaprajz&#8221; show_in_lightbox=&#8221;on&#8221; _builder_version=&#8221;4.14.2&#8243; _module_preset=&#8221;default&#8221; global_colors_info=&#8221;{}&#8221; theme_builder_area=&#8221;post_content&#8221;][\/et_pb_image][et_pb_image src=&#8221;https:\/\/kunszigetapartman.hu\/wp-content\/uploads\/2021\/12\/E-NY-03-1.-emeleti-alaprajz.png&#8221; title_text=&#8221;\u00c9-NY-03 1. emeleti alaprajz&#8221; show_in_lightbox=&#8221;on&#8221; _builder_version=&#8221;4.14.2&#8243; _module_preset=&#8221;default&#8221; global_colors_info=&#8221;{}&#8221; theme_builder_area=&#8221;post_content&#8221;][\/et_pb_image][\/et_pb_column][et_pb_column type=&#8221;1_4&#8243; _builder_version=&#8221;4.14.2&#8243; _module_preset=&#8221;default&#8221; global_colors_info=&#8221;{}&#8221; theme_builder_area=&#8221;post_content&#8221;][et_pb_image src=&#8221;https:\/\/kunszigetapartman.hu\/wp-content\/uploads\/2021\/12\/E-NY-02-Foldszinti-alaprajz.png&#8221; title_text=&#8221;\u00c9-NY-02 F\u00f6ldszinti alaprajz&#8221; show_in_lightbox=&#8221;on&#8221; _builder_version=&#8221;4.14.2&#8243; _module_preset=&#8221;default&#8221; global_colors_info=&#8221;{}&#8221; theme_builder_area=&#8221;post_content&#8221;][\/et_pb_image][et_pb_image src=&#8221;https:\/\/kunszigetapartman.hu\/wp-content\/uploads\/2021\/12\/E-NY-04-2.-emeleti-alaprajz.png&#8221; title_text=&#8221;\u00c9-NY-04 2. emeleti alaprajz&#8221; show_in_lightbox=&#8221;on&#8221; _builder_version=&#8221;4.14.2&#8243; _module_preset=&#8221;default&#8221; global_colors_info=&#8221;{}&#8221; theme_builder_area=&#8221;post_content&#8221;][\/et_pb_image][\/et_pb_column][et_pb_column type=&#8221;1_2&#8243; _builder_version=&#8221;4.14.2&#8243; _module_preset=&#8221;default&#8221; global_colors_info=&#8221;{}&#8221; theme_builder_area=&#8221;post_content&#8221;][et_pb_text _builder_version=&#8221;4.14.2&#8243; _module_preset=&#8221;default&#8221; global_colors_info=&#8221;{}&#8221; theme_builder_area=&#8221;post_content&#8221;]<\/p>\n<div class=\"page\" title=\"Page 1\">\n<div class=\"layoutArea\">\n<div class=\"column\">\n<h4><span>Az \u00e9p\u00fcletr\u0151l<\/span><span><\/span><\/h4>\n<div class=\"page\" title=\"Page 1\">\n<div class=\"layoutArea\">\n<div class=\"column\">\n<p><span>A maga\u0301nko\u0301rha\u0301z sebe\u0301szeti, plasztikai beavatkoza\u0301sokra e\u0301s foga\u0301szati kezele\u0301sekre alkalmas mu\u030bto\u030b e\u0301s vizsga\u0301lo\u0301 ha\u0301tte\u0301rrel e\u0301pu\u0308l, de ba\u0301rmilyen profilu\u0301 ella\u0301ta\u0301s kialaki\u0301thato\u0301. A 3 ku\u0308lo\u0308na\u0301llo\u0301 sza\u0301rny 3 liftmaggal, le\u0301pcso\u030bha\u0301zzal mu\u030bko\u0308dik, de ko\u0308zo\u0308s elo\u030bcsarnokkal, va\u0301ro\u0301val. Az elega\u0301ns udvaron keresztu\u0308l megko\u0308zeli\u0301theto\u030b, ko\u0308rben u\u0308vegezett elo\u030bcsarnokban helyeztu\u0308k el a recepcio\u0301t, ahonnan a betegek az egyes elso\u030b emeleti vizsga\u0301lo\u0301kat, megfigyelo\u030bket e\u0301rhetik el. A beja\u0301rat egy medence\u0301vel ko\u0308ru\u0308lvett udvarro\u0301l nyi\u0301lik, illetve a nyugdi\u0301jas otthon felo\u030bli belso\u030b udvarro\u0301l is megko\u0308zeli\u0301theto\u030b az elo\u030bcsarnok fo\u0308ldszinti tere. Az elo\u030bcsarnokbo\u0301l a\u0301tja\u0301ra\u0301st biztosi\u0301tunk a ko\u0308zo\u0308s e\u0301tterembe, a ko\u0308zo\u0308sse\u0301gi terembe. A sza\u0301rnyakban az elso\u030b emeleten a le\u0301pcso\u030bha\u0301zak ko\u0308zele\u0301ben helyezzu\u0308k el a vizsga\u0301lo\u0301kat e\u0301s a mu\u030bto\u030bket, a resort fele\u0301 ne\u0301zo\u030b sza\u0301rnyakban pedig a megfigyelo\u030bk kapnak helyet. A felso\u030b szint a ko\u0301rtermeke\u0301, no\u030bve\u0301rszoba, ko\u0308to\u0308zo\u030b e\u0301s megfigyelo\u030b helyise\u0301gek sora. A 3 ku\u0308lo\u0308nbo\u0308zo\u030b szolga\u0301ltata\u0301s 3 ku\u0308lo\u0308nbo\u0308zo\u030b alaprajzi kialaki\u0301ta\u0301ssal ke\u0301szu\u0308lhet, a belso\u030b elrendeze\u0301s ko\u0308nnyen a\u0301talaki\u0301thato\u0301 az u\u0308zemelteto\u030bi ige\u0301nyek szerint. a 400 fo\u030bs konferenciaterem orvosi konferencia\u0301k megrendeze\u0301se\u0301re is alkalmas lehet.<\/span><\/p>\n<\/div>\n<\/div>\n<\/div>\n<\/div>\n<\/div>\n<\/div>\n<p>[\/et_pb_text][\/et_pb_column][\/et_pb_row][\/et_pb_section][et_pb_section fb_built=&#8221;1&#8243; admin_label=&#8221;Subscription Section&#8221; _builder_version=&#8221;4.14.2&#8243; background_image=&#8221;https:\/\/kunszigetapartman.hu\/wp-content\/uploads\/2021\/12\/hatter1.jpg&#8221; background_position=&#8221;top_center&#8221; custom_padding=&#8221;1%|0px|8%|0px||&#8221; global_module=&#8221;71&#8243; saved_tabs=&#8221;all&#8221; global_colors_info=&#8221;{}&#8221; theme_builder_area=&#8221;post_content&#8221;][et_pb_row column_structure=&#8221;1_2,1_2&#8243; admin_label=&#8221;Subscription Row&#8221; _builder_version=&#8221;3.25&#8243; custom_padding=&#8221;|||&#8221; global_colors_info=&#8221;{}&#8221; theme_builder_area=&#8221;post_content&#8221;][et_pb_column type=&#8221;1_2&#8243; _builder_version=&#8221;3.25&#8243; custom_padding=&#8221;|||&#8221; global_colors_info=&#8221;{}&#8221; custom_padding__hover=&#8221;|||&#8221; theme_builder_area=&#8221;post_content&#8221;][et_pb_text admin_label=&#8221;Title &#038; Paragraph&#8221; _builder_version=&#8221;4.14.2&#8243; text_font=&#8221;Muli|600|||||||&#8221; text_font_size=&#8221;18px&#8221; text_line_height=&#8221;1.8em&#8221; header_font=&#8221;||||||||&#8221; header_2_font=&#8221;Muli|700|||||||&#8221; header_2_font_size=&#8221;50px&#8221; header_2_line_height=&#8221;1.4em&#8221; background_color=&#8221;rgba(255,255,255,0.62)&#8221; text_orientation=&#8221;center&#8221; max_width=&#8221;640px&#8221; max_width_last_edited=&#8221;off|desktop&#8221; module_alignment=&#8221;center&#8221; custom_margin=&#8221;0px||||false|false&#8221; custom_margin_tablet=&#8221;0px|||0px&#8221; custom_margin_last_edited=&#8221;off|desktop&#8221; custom_padding=&#8221;30px|30px|30px|30px|false|false&#8221; custom_padding_last_edited=&#8221;off|desktop&#8221; header_2_font_size_tablet=&#8221;&#8221; header_2_font_size_phone=&#8221;40px&#8221; header_2_font_size_last_edited=&#8221;on|desktop&#8221; locked=&#8221;off&#8221; global_colors_info=&#8221;{}&#8221; theme_builder_area=&#8221;post_content&#8221;]<\/p>\n<h2 class=\"et_pb_module_header et-fb-editable-element et-fb-editable-element__editing\" data-shortcode-id=\"1.0.0.0-1515376821367\" contenteditable=\"true\">Felkeltett\u00fck \u00e9rdekl\u0151d\u00e9s\u00e9t?<\/h2>\n<p><span>L\u00e9pj vel\u00fcnk kapcsolatba egyedi aj\u00e1nlat\u00e9rt! Haszn\u00e1lja a jobb oldali kapcsolati formot \u00e9s keresni fogjuk, vagy haszn\u00e1lja az al\u00e1bbi kapcsolati adatokat:<\/span><span><\/span><\/p>\n<p><span><a class=\"Link_link__2uLjT\" href=\"tel:+36 1 269 2718\">+36 1 269 2718<\/a><\/span><\/p>\n<p><span><a href=\"mailto:info@drukka.hu\">info@drukka.hu<\/a><\/span><\/p>\n<p><span>Drukka KFT<\/span><\/p>\n<p>[\/et_pb_text][\/et_pb_column][et_pb_column type=&#8221;1_2&#8243; _builder_version=&#8221;3.25&#8243; custom_padding=&#8221;|||&#8221; global_colors_info=&#8221;{}&#8221; custom_padding__hover=&#8221;|||&#8221; theme_builder_area=&#8221;post_content&#8221;][et_pb_contact_form success_message=&#8221;K\u00f6sz\u00f6nj\u00fck, hamarosan kapcsolatba l\u00e9p\u00fcnk \u00f6nnel!&#8221; submit_button_text=&#8221;Kapcsolat&#8221; _builder_version=&#8221;4.14.2&#8243; _module_preset=&#8221;default&#8221; _unique_id=&#8221;6d00b5b1-e466-4126-8315-73e87fd6cbf7&#8243; custom_button=&#8221;on&#8221; button_text_color=&#8221;#FFFFFF&#8221; button_bg_color=&#8221;#000000&#8243; button_border_width=&#8221;0px&#8221; button_border_radius=&#8221;0px&#8221; global_colors_info=&#8221;{}&#8221; theme_builder_area=&#8221;post_content&#8221;][et_pb_contact_field field_id=&#8221;Name&#8221; field_title=&#8221;N\u00e9v&#8221; _builder_version=&#8221;4.14.2&#8243; global_colors_info=&#8221;{}&#8221; button_text_size__hover_enabled=&#8221;off&#8221; button_one_text_size__hover_enabled=&#8221;off&#8221; button_two_text_size__hover_enabled=&#8221;off&#8221; button_text_color__hover_enabled=&#8221;off&#8221; button_one_text_color__hover_enabled=&#8221;off&#8221; button_two_text_color__hover_enabled=&#8221;off&#8221; button_border_width__hover_enabled=&#8221;off&#8221; button_one_border_width__hover_enabled=&#8221;off&#8221; button_two_border_width__hover_enabled=&#8221;off&#8221; button_border_color__hover_enabled=&#8221;off&#8221; button_one_border_color__hover_enabled=&#8221;off&#8221; button_two_border_color__hover_enabled=&#8221;off&#8221; button_border_radius__hover_enabled=&#8221;off&#8221; button_one_border_radius__hover_enabled=&#8221;off&#8221; button_two_border_radius__hover_enabled=&#8221;off&#8221; button_letter_spacing__hover_enabled=&#8221;off&#8221; button_one_letter_spacing__hover_enabled=&#8221;off&#8221; button_two_letter_spacing__hover_enabled=&#8221;off&#8221; button_bg_color__hover_enabled=&#8221;off&#8221; button_one_bg_color__hover_enabled=&#8221;off&#8221; button_two_bg_color__hover_enabled=&#8221;off&#8221; theme_builder_area=&#8221;post_content&#8221;][\/et_pb_contact_field][et_pb_contact_field field_id=&#8221;Email&#8221; field_title=&#8221;Email C\u00edm&#8221; field_type=&#8221;email&#8221; _builder_version=&#8221;4.14.2&#8243; global_colors_info=&#8221;{}&#8221; button_text_size__hover_enabled=&#8221;off&#8221; button_one_text_size__hover_enabled=&#8221;off&#8221; button_two_text_size__hover_enabled=&#8221;off&#8221; button_text_color__hover_enabled=&#8221;off&#8221; button_one_text_color__hover_enabled=&#8221;off&#8221; button_two_text_color__hover_enabled=&#8221;off&#8221; button_border_width__hover_enabled=&#8221;off&#8221; button_one_border_width__hover_enabled=&#8221;off&#8221; button_two_border_width__hover_enabled=&#8221;off&#8221; button_border_color__hover_enabled=&#8221;off&#8221; button_one_border_color__hover_enabled=&#8221;off&#8221; button_two_border_color__hover_enabled=&#8221;off&#8221; button_border_radius__hover_enabled=&#8221;off&#8221; button_one_border_radius__hover_enabled=&#8221;off&#8221; button_two_border_radius__hover_enabled=&#8221;off&#8221; button_letter_spacing__hover_enabled=&#8221;off&#8221; button_one_letter_spacing__hover_enabled=&#8221;off&#8221; button_two_letter_spacing__hover_enabled=&#8221;off&#8221; button_bg_color__hover_enabled=&#8221;off&#8221; button_one_bg_color__hover_enabled=&#8221;off&#8221; button_two_bg_color__hover_enabled=&#8221;off&#8221; theme_builder_area=&#8221;post_content&#8221;][\/et_pb_contact_field][et_pb_contact_field field_id=&#8221;phone&#8221; field_title=&#8221;Telefonsz\u00e1m&#8221; fullwidth_field=&#8221;on&#8221; _builder_version=&#8221;4.14.2&#8243; _module_preset=&#8221;default&#8221; global_colors_info=&#8221;{}&#8221; theme_builder_area=&#8221;post_content&#8221;][\/et_pb_contact_field][et_pb_contact_field field_id=&#8221;Message&#8221; field_title=&#8221;\u00dczenet&#8221; field_type=&#8221;text&#8221; fullwidth_field=&#8221;on&#8221; _builder_version=&#8221;4.14.2&#8243; global_colors_info=&#8221;{}&#8221; button_text_size__hover_enabled=&#8221;off&#8221; button_one_text_size__hover_enabled=&#8221;off&#8221; button_two_text_size__hover_enabled=&#8221;off&#8221; button_text_color__hover_enabled=&#8221;off&#8221; button_one_text_color__hover_enabled=&#8221;off&#8221; button_two_text_color__hover_enabled=&#8221;off&#8221; button_border_width__hover_enabled=&#8221;off&#8221; button_one_border_width__hover_enabled=&#8221;off&#8221; button_two_border_width__hover_enabled=&#8221;off&#8221; button_border_color__hover_enabled=&#8221;off&#8221; button_one_border_color__hover_enabled=&#8221;off&#8221; button_two_border_color__hover_enabled=&#8221;off&#8221; button_border_radius__hover_enabled=&#8221;off&#8221; button_one_border_radius__hover_enabled=&#8221;off&#8221; button_two_border_radius__hover_enabled=&#8221;off&#8221; button_letter_spacing__hover_enabled=&#8221;off&#8221; button_one_letter_spacing__hover_enabled=&#8221;off&#8221; button_two_letter_spacing__hover_enabled=&#8221;off&#8221; button_bg_color__hover_enabled=&#8221;off&#8221; button_one_bg_color__hover_enabled=&#8221;off&#8221; button_two_bg_color__hover_enabled=&#8221;off&#8221; theme_builder_area=&#8221;post_content&#8221;][\/et_pb_contact_field][\/et_pb_contact_form][\/et_pb_column][\/et_pb_row][\/et_pb_section][et_pb_section fb_built=&#8221;1&#8243; _builder_version=&#8221;4.11.1&#8243; _module_preset=&#8221;default&#8221; background_color=&#8221;#000000&#8243; custom_padding=&#8221;0px||3px|||&#8221; global_colors_info=&#8221;{}&#8221; theme_builder_area=&#8221;post_content&#8221;][et_pb_row _builder_version=&#8221;4.11.1&#8243; _module_preset=&#8221;default&#8221; global_colors_info=&#8221;{}&#8221; theme_builder_area=&#8221;post_content&#8221;][et_pb_column type=&#8221;4_4&#8243; _builder_version=&#8221;4.11.1&#8243; _module_preset=&#8221;default&#8221; global_colors_info=&#8221;{}&#8221; theme_builder_area=&#8221;post_content&#8221;][et_pb_text _builder_version=&#8221;4.11.1&#8243; _module_preset=&#8221;default&#8221; text_orientation=&#8221;center&#8221; background_layout=&#8221;dark&#8221; global_colors_info=&#8221;{}&#8221; theme_builder_area=&#8221;post_content&#8221;]<\/p>\n<p>Impresszum<\/p>\n<p>[\/et_pb_text][\/et_pb_column][\/et_pb_row][\/et_pb_section]<\/p>\n","protected":false},"excerpt":{"rendered":"<p>A Kunszigeti term\u00e1lbirtokon tal\u00e1lhat\u00f3 mag\u00e1nklinika a t\u00f6k\u00e9letes hely gy\u00f3gyul\u00e1sra, rehabilit\u00e1ci\u00f3ra pihen\u00e9sre. Felszerelt int\u00e9zm\u00e9nyeink \u00e9s term\u00e1lvizes f\u00fcrd\u0151ink biztos\u00edtj\u00e1k a gondtalan helyre\u00e1ll\u00e1s k\u00f6r\u00fclm\u00e9nyeit. &nbsp; &nbsp;Fo\u030bbb adatok: 2400-4800 m2 ig\u00e9ny szerint kialak\u00edtva, bo\u030bv\u00edt\u00e9si leheto\u030bs\u00e9ggel Kisebb szakrendel\u00e9seknek (300 m2-to\u030bl) is biztos\u00edtunk helyet\u00a0 Modern kialak\u00edt\u00e1s, k\u00f6zel z\u00e9ro emisszi\u00f3s, k\u00f6rnyezetk\u00edm\u00e9lo\u030b, \u201eokos\u201d \u00e9p\u00fclet Term\u00e1lv\u00edz bek\u00f6t\u00e9s A 20 hekt\u00e1ros resort r\u00e9sze, gy\u00f6ny\u00f6ru\u030b k\u00f6rnyezet, [&hellip;]<\/p>\n","protected":false},"author":1,"featured_media":0,"parent":0,"menu_order":0,"comment_status":"closed","ping_status":"closed","template":"","meta":{"_et_pb_use_builder":"on","_et_pb_old_content":"","_et_gb_content_width":"","footnotes":""},"class_list":["post-8","page","type-page","status-publish","hentry"],"yoast_head":"<!-- This site is optimized with the Yoast SEO plugin v17.7.1 - https:\/\/yoast.com\/wordpress\/plugins\/seo\/ -->\n<title>Mag\u00e1nk\u00f3rh\u00e1z - Kunsziget Apartmanok<\/title>\n<meta name=\"robots\" content=\"index, follow, max-snippet:-1, max-image-preview:large, max-video-preview:-1\" \/>\n<link rel=\"canonical\" href=\"https:\/\/kunszigetapartman.hu\/index.php\/magankorhaz\/\" \/>\n<meta property=\"og:locale\" content=\"hu_HU\" \/>\n<meta property=\"og:type\" content=\"article\" \/>\n<meta property=\"og:title\" content=\"Mag\u00e1nk\u00f3rh\u00e1z - Kunsziget Apartmanok\" \/>\n<meta property=\"og:description\" content=\"A Kunszigeti term\u00e1lbirtokon tal\u00e1lhat\u00f3 mag\u00e1nklinika a t\u00f6k\u00e9letes hely gy\u00f3gyul\u00e1sra, rehabilit\u00e1ci\u00f3ra pihen\u00e9sre. Felszerelt int\u00e9zm\u00e9nyeink \u00e9s term\u00e1lvizes f\u00fcrd\u0151ink biztos\u00edtj\u00e1k a gondtalan helyre\u00e1ll\u00e1s k\u00f6r\u00fclm\u00e9nyeit. &nbsp; &nbsp;Fo\u030bbb adatok: 2400-4800 m2 ig\u00e9ny szerint kialak\u00edtva, bo\u030bv\u00edt\u00e9si leheto\u030bs\u00e9ggel Kisebb szakrendel\u00e9seknek (300 m2-to\u030bl) is biztos\u00edtunk helyet\u00a0 Modern kialak\u00edt\u00e1s, k\u00f6zel z\u00e9ro emisszi\u00f3s, k\u00f6rnyezetk\u00edm\u00e9lo\u030b, \u201eokos\u201d \u00e9p\u00fclet Term\u00e1lv\u00edz bek\u00f6t\u00e9s A 20 hekt\u00e1ros resort r\u00e9sze, gy\u00f6ny\u00f6ru\u030b k\u00f6rnyezet, [&hellip;]\" \/>\n<meta property=\"og:url\" content=\"https:\/\/kunszigetapartman.hu\/index.php\/magankorhaz\/\" \/>\n<meta property=\"og:site_name\" content=\"Kunsziget Apartmanok\" \/>\n<meta property=\"article:modified_time\" content=\"2021-12-15T22:04:28+00:00\" \/>\n<meta name=\"twitter:card\" content=\"summary_large_image\" \/>\n<meta name=\"twitter:label1\" content=\"Becs\u00fclt olvas\u00e1si id\u0151\" \/>\n\t<meta name=\"twitter:data1\" content=\"11 perc\" \/>\n<script type=\"application\/ld+json\" class=\"yoast-schema-graph\">{\"@context\":\"https:\/\/schema.org\",\"@graph\":[{\"@type\":\"WebSite\",\"@id\":\"https:\/\/kunszigetapartman.hu\/#website\",\"url\":\"https:\/\/kunszigetapartman.hu\/\",\"name\":\"Kunsziget Apartmanok\",\"description\":\"Just another WordPress site\",\"potentialAction\":[{\"@type\":\"SearchAction\",\"target\":{\"@type\":\"EntryPoint\",\"urlTemplate\":\"https:\/\/kunszigetapartman.hu\/?s={search_term_string}\"},\"query-input\":\"required name=search_term_string\"}],\"inLanguage\":\"hu\"},{\"@type\":\"WebPage\",\"@id\":\"https:\/\/kunszigetapartman.hu\/index.php\/magankorhaz\/#webpage\",\"url\":\"https:\/\/kunszigetapartman.hu\/index.php\/magankorhaz\/\",\"name\":\"Mag\\u00e1nk\\u00f3rh\\u00e1z - Kunsziget Apartmanok\",\"isPartOf\":{\"@id\":\"https:\/\/kunszigetapartman.hu\/#website\"},\"datePublished\":\"2021-10-03T18:25:45+00:00\",\"dateModified\":\"2021-12-15T22:04:28+00:00\",\"breadcrumb\":{\"@id\":\"https:\/\/kunszigetapartman.hu\/index.php\/magankorhaz\/#breadcrumb\"},\"inLanguage\":\"hu\",\"potentialAction\":[{\"@type\":\"ReadAction\",\"target\":[\"https:\/\/kunszigetapartman.hu\/index.php\/magankorhaz\/\"]}]},{\"@type\":\"BreadcrumbList\",\"@id\":\"https:\/\/kunszigetapartman.hu\/index.php\/magankorhaz\/#breadcrumb\",\"itemListElement\":[{\"@type\":\"ListItem\",\"position\":1,\"name\":\"Home\",\"item\":\"https:\/\/kunszigetapartman.hu\/\"},{\"@type\":\"ListItem\",\"position\":2,\"name\":\"Mag\\u00e1nk\\u00f3rh\\u00e1z\"}]}]}<\/script>\n<!-- \/ Yoast SEO plugin. -->","yoast_head_json":{"title":"Mag\u00e1nk\u00f3rh\u00e1z - Kunsziget Apartmanok","robots":{"index":"index","follow":"follow","max-snippet":"max-snippet:-1","max-image-preview":"max-image-preview:large","max-video-preview":"max-video-preview:-1"},"canonical":"https:\/\/kunszigetapartman.hu\/index.php\/magankorhaz\/","og_locale":"hu_HU","og_type":"article","og_title":"Mag\u00e1nk\u00f3rh\u00e1z - Kunsziget Apartmanok","og_description":"A Kunszigeti term\u00e1lbirtokon tal\u00e1lhat\u00f3 mag\u00e1nklinika a t\u00f6k\u00e9letes hely gy\u00f3gyul\u00e1sra, rehabilit\u00e1ci\u00f3ra pihen\u00e9sre. Felszerelt int\u00e9zm\u00e9nyeink \u00e9s term\u00e1lvizes f\u00fcrd\u0151ink biztos\u00edtj\u00e1k a gondtalan helyre\u00e1ll\u00e1s k\u00f6r\u00fclm\u00e9nyeit. &nbsp; &nbsp;Fo\u030bbb adatok: 2400-4800 m2 ig\u00e9ny szerint kialak\u00edtva, bo\u030bv\u00edt\u00e9si leheto\u030bs\u00e9ggel Kisebb szakrendel\u00e9seknek (300 m2-to\u030bl) is biztos\u00edtunk helyet\u00a0 Modern kialak\u00edt\u00e1s, k\u00f6zel z\u00e9ro emisszi\u00f3s, k\u00f6rnyezetk\u00edm\u00e9lo\u030b, \u201eokos\u201d \u00e9p\u00fclet Term\u00e1lv\u00edz bek\u00f6t\u00e9s A 20 hekt\u00e1ros resort r\u00e9sze, gy\u00f6ny\u00f6ru\u030b k\u00f6rnyezet, [&hellip;]","og_url":"https:\/\/kunszigetapartman.hu\/index.php\/magankorhaz\/","og_site_name":"Kunsziget Apartmanok","article_modified_time":"2021-12-15T22:04:28+00:00","twitter_card":"summary_large_image","twitter_misc":{"Becs\u00fclt olvas\u00e1si id\u0151":"11 perc"},"schema":{"@context":"https:\/\/schema.org","@graph":[{"@type":"WebSite","@id":"https:\/\/kunszigetapartman.hu\/#website","url":"https:\/\/kunszigetapartman.hu\/","name":"Kunsziget Apartmanok","description":"Just another WordPress site","potentialAction":[{"@type":"SearchAction","target":{"@type":"EntryPoint","urlTemplate":"https:\/\/kunszigetapartman.hu\/?s={search_term_string}"},"query-input":"required name=search_term_string"}],"inLanguage":"hu"},{"@type":"WebPage","@id":"https:\/\/kunszigetapartman.hu\/index.php\/magankorhaz\/#webpage","url":"https:\/\/kunszigetapartman.hu\/index.php\/magankorhaz\/","name":"Mag\u00e1nk\u00f3rh\u00e1z - Kunsziget Apartmanok","isPartOf":{"@id":"https:\/\/kunszigetapartman.hu\/#website"},"datePublished":"2021-10-03T18:25:45+00:00","dateModified":"2021-12-15T22:04:28+00:00","breadcrumb":{"@id":"https:\/\/kunszigetapartman.hu\/index.php\/magankorhaz\/#breadcrumb"},"inLanguage":"hu","potentialAction":[{"@type":"ReadAction","target":["https:\/\/kunszigetapartman.hu\/index.php\/magankorhaz\/"]}]},{"@type":"BreadcrumbList","@id":"https:\/\/kunszigetapartman.hu\/index.php\/magankorhaz\/#breadcrumb","itemListElement":[{"@type":"ListItem","position":1,"name":"Home","item":"https:\/\/kunszigetapartman.hu\/"},{"@type":"ListItem","position":2,"name":"Mag\u00e1nk\u00f3rh\u00e1z"}]}]}},"_links":{"self":[{"href":"https:\/\/kunszigetapartman.hu\/index.php\/wp-json\/wp\/v2\/pages\/8","targetHints":{"allow":["GET"]}}],"collection":[{"href":"https:\/\/kunszigetapartman.hu\/index.php\/wp-json\/wp\/v2\/pages"}],"about":[{"href":"https:\/\/kunszigetapartman.hu\/index.php\/wp-json\/wp\/v2\/types\/page"}],"author":[{"embeddable":true,"href":"https:\/\/kunszigetapartman.hu\/index.php\/wp-json\/wp\/v2\/users\/1"}],"replies":[{"embeddable":true,"href":"https:\/\/kunszigetapartman.hu\/index.php\/wp-json\/wp\/v2\/comments?post=8"}],"version-history":[{"count":3,"href":"https:\/\/kunszigetapartman.hu\/index.php\/wp-json\/wp\/v2\/pages\/8\/revisions"}],"predecessor-version":[{"id":291,"href":"https:\/\/kunszigetapartman.hu\/index.php\/wp-json\/wp\/v2\/pages\/8\/revisions\/291"}],"wp:attachment":[{"href":"https:\/\/kunszigetapartman.hu\/index.php\/wp-json\/wp\/v2\/media?parent=8"}],"curies":[{"name":"wp","href":"https:\/\/api.w.org\/{rel}","templated":true}]}}