{"id":277,"date":"2021-12-15T21:22:00","date_gmt":"2021-12-15T21:22:00","guid":{"rendered":"https:\/\/kunszigetapartman.hu\/?page_id=277"},"modified":"2021-12-15T22:05:44","modified_gmt":"2021-12-15T22:05:44","slug":"nyugdijas-haz","status":"publish","type":"page","link":"https:\/\/kunszigetapartman.hu\/index.php\/nyugdijas-haz\/","title":{"rendered":"Nyugd\u00edjas h\u00e1z"},"content":{"rendered":"<p>[et_pb_section fb_built=&#8221;1&#8243; _builder_version=&#8221;4.11.1&#8243; _module_preset=&#8221;default&#8221; global_colors_info=&#8221;{}&#8221;][et_pb_row column_structure=&#8221;1_2,1_2&#8243; _builder_version=&#8221;4.11.1&#8243; _module_preset=&#8221;default&#8221; global_colors_info=&#8221;{}&#8221;][et_pb_column type=&#8221;1_2&#8243; _builder_version=&#8221;4.11.1&#8243; _module_preset=&#8221;default&#8221; global_colors_info=&#8221;{}&#8221;][et_pb_cta title=&#8221;Nyugd\u00edjash\u00e1z&#8221; button_url=&#8221;#top&#8221; admin_label=&#8221;Heading, Subheading &#038; CTA Button&#8221; _builder_version=&#8221;4.11.1&#8243; header_level=&#8221;h1&#8243; header_font=&#8221;Muli|700|||||||&#8221; header_text_align=&#8221;left&#8221; header_font_size=&#8221;65px&#8221; header_line_height=&#8221;1.4em&#8221; body_font=&#8221;Muli|600|||||||&#8221; body_text_align=&#8221;left&#8221; body_font_size=&#8221;18px&#8221; body_line_height=&#8221;1.8em&#8221; use_background_color=&#8221;off&#8221; custom_button=&#8221;on&#8221; button_text_size=&#8221;16px&#8221; button_text_color=&#8221;#ffffff&#8221; button_bg_color=&#8221;#f4583f&#8221; button_border_width=&#8221;10px&#8221; button_border_color=&#8221;#f4583f&#8221; button_border_radius=&#8221;0px&#8221; button_font=&#8221;Muli|700|||||||&#8221; button_use_icon=&#8221;off&#8221; background_layout=&#8221;light&#8221; max_width=&#8221;540px&#8221; module_alignment=&#8221;right&#8221; custom_margin=&#8221;|||&#8221; custom_margin_tablet=&#8221;3vw||3vw|&#8221; custom_margin_phone=&#8221;|||&#8221; custom_margin_last_edited=&#8221;on|desktop&#8221; animation_style=&#8221;fade&#8221; header_font_size_tablet=&#8221;&#8221; header_font_size_phone=&#8221;50px&#8221; header_font_size_last_edited=&#8221;on|phone&#8221; button_border_radius_hover=&#8221;0px&#8221; locked=&#8221;off&#8221; global_colors_info=&#8221;{}&#8221; button_text_size__hover_enabled=&#8221;off&#8221; button_one_text_size__hover_enabled=&#8221;off&#8221; button_two_text_size__hover_enabled=&#8221;off&#8221; button_text_color__hover_enabled=&#8221;off&#8221; button_one_text_color__hover_enabled=&#8221;off&#8221; button_two_text_color__hover_enabled=&#8221;off&#8221; button_border_width__hover_enabled=&#8221;off&#8221; button_one_border_width__hover_enabled=&#8221;off&#8221; button_two_border_width__hover_enabled=&#8221;off&#8221; button_border_color__hover_enabled=&#8221;off&#8221; button_one_border_color__hover_enabled=&#8221;off&#8221; button_two_border_color__hover_enabled=&#8221;off&#8221; button_border_radius__hover_enabled=&#8221;on&#8221; button_border_radius__hover=&#8221;0px&#8221; button_one_border_radius__hover_enabled=&#8221;off&#8221; button_two_border_radius__hover_enabled=&#8221;off&#8221; button_letter_spacing__hover_enabled=&#8221;off&#8221; button_one_letter_spacing__hover_enabled=&#8221;off&#8221; button_two_letter_spacing__hover_enabled=&#8221;off&#8221; button_bg_color__hover_enabled=&#8221;off&#8221; button_one_bg_color__hover_enabled=&#8221;off&#8221; button_two_bg_color__hover_enabled=&#8221;off&#8221;]<\/p>\n<p>A Kunszigeti term\u00e1lbirtokon tal\u00e1lhat\u00f3 nyugd\u00edjash\u00e1z lehet\u0151s\u00e9get biztos\u00edt a zavartalan nyugd\u00edjas \u00e9vekhez. Felszerelt int\u00e9zm\u00e9nyeink \u00e9s term\u00e1lvizes f\u00fcrd\u0151ink biztos\u00edtj\u00e1k a gondtalan helyre\u00e1ll\u00e1s k\u00f6r\u00fclm\u00e9nyeit.<\/p>\n<p>&nbsp;<\/p>\n<p>&nbsp;<\/p>\n<p>[\/et_pb_cta][\/et_pb_column][et_pb_column type=&#8221;1_2&#8243; _builder_version=&#8221;4.11.1&#8243; _module_preset=&#8221;default&#8221; global_colors_info=&#8221;{}&#8221;][et_pb_image src=&#8221;https:\/\/kunszigetresort.hu\/wp-content\/uploads\/2021\/12\/210911_KUNSZIGET_Photo-33b.jpg&#8221; title_text=&#8221;210911_KUNSZIGET_Photo &#8211; 33b&#8221; _builder_version=&#8221;4.11.1&#8243; _module_preset=&#8221;default&#8221; global_colors_info=&#8221;{}&#8221;][\/et_pb_image][\/et_pb_column][\/et_pb_row][\/et_pb_section][et_pb_section fb_built=&#8221;1&#8243; _builder_version=&#8221;4.14.2&#8243; _module_preset=&#8221;default&#8221; global_colors_info=&#8221;{}&#8221;][et_pb_row column_structure=&#8221;1_2,1_4,1_4&#8243; _builder_version=&#8221;4.14.2&#8243; _module_preset=&#8221;default&#8221; global_colors_info=&#8221;{}&#8221;][et_pb_column type=&#8221;1_2&#8243; _builder_version=&#8221;4.14.2&#8243; _module_preset=&#8221;default&#8221; global_colors_info=&#8221;{}&#8221;][et_pb_text _builder_version=&#8221;4.14.2&#8243; _module_preset=&#8221;default&#8221; global_colors_info=&#8221;{}&#8221;]<\/p>\n<h4>Fo\u030bbb adatok:<\/h4>\n<ul>\n<li>2400-4800 m2 (50-100 lak\u00f3egys\u00e9g) ig\u00e9ny szerint kialak\u00edtva, bo\u030bv\u00edt\u00e9si leheto\u030bs\u00e9ggel<\/li>\n<li>Modern kialak\u00edt\u00e1s, k\u00f6zel z\u00e9ro emisszi\u00f3s, k\u00f6rnyezetk\u00edm\u00e9lo\u030b, \u201eokos\u201d \u00e9p\u00fclet<\/li>\n<li>Term\u00e1lv\u00edz bek\u00f6t\u00e9s<\/li>\n<li>A 20 hekt\u00e1ros resort r\u00e9sze, gy\u00f6ny\u00f6ru\u030b k\u00f6rnyezet, saj\u00e1t t\u00f3<\/li>\n<li>Resort szolg\u00e1ltat\u00e1sok haszn\u00e1lata:<span class=\"Apple-converted-space\">\u00a0<\/span>\n<ul>\n<li>Eg\u00e9szs\u00e9gklinika, orvosi ell\u00e1t\u00e1s<\/li>\n<li>2000 m2 Spa, term\u00e1lkezel\u00e9sek<\/li>\n<li>Hotel****<\/li>\n<li>Apartmanok<span class=\"Apple-converted-space\">\u00a0<\/span><\/li>\n<li>\u00dasz\u00f3- \u00e9s lombh\u00e1zak<\/li>\n<li>\u00c9ttermek, sz\u00f3rakoz\u00e1s<\/li>\n<li>Sport<span class=\"Apple-converted-space\">\u00a0<\/span><\/li>\n<\/ul>\n<\/li>\n<\/ul>\n<p>[\/et_pb_text][\/et_pb_column][et_pb_column type=&#8221;1_4&#8243; _builder_version=&#8221;4.14.2&#8243; _module_preset=&#8221;default&#8221; global_colors_info=&#8221;{}&#8221;][et_pb_image src=&#8221;https:\/\/kunszigetresort.hu\/wp-content\/uploads\/2021\/10\/210911_KUNSZIGET_Photo-29.jpg&#8221; title_text=&#8221;210911_KUNSZIGET_Photo &#8211; 29&#8243; show_in_lightbox=&#8221;on&#8221; _builder_version=&#8221;4.14.2&#8243; _module_preset=&#8221;default&#8221; global_colors_info=&#8221;{}&#8221;][\/et_pb_image][et_pb_image src=&#8221;https:\/\/kunszigetresort.hu\/wp-content\/uploads\/2021\/10\/210911_KUNSZIGET_Photo-32.jpg&#8221; title_text=&#8221;210911_KUNSZIGET_Photo &#8211; 32&#8243; show_in_lightbox=&#8221;on&#8221; _builder_version=&#8221;4.11.1&#8243; _module_preset=&#8221;default&#8221; global_colors_info=&#8221;{}&#8221;][\/et_pb_image][\/et_pb_column][et_pb_column type=&#8221;1_4&#8243; _builder_version=&#8221;4.14.2&#8243; _module_preset=&#8221;default&#8221; global_colors_info=&#8221;{}&#8221;][et_pb_image src=&#8221;https:\/\/kunszigetresort.hu\/wp-content\/uploads\/2021\/10\/210911_KUNSZIGET_Photo-31.jpg&#8221; title_text=&#8221;210911_KUNSZIGET_Photo &#8211; 31&#8243; show_in_lightbox=&#8221;on&#8221; _builder_version=&#8221;4.11.1&#8243; _module_preset=&#8221;default&#8221; global_colors_info=&#8221;{}&#8221;][\/et_pb_image][et_pb_image src=&#8221;https:\/\/kunszigetresort.hu\/wp-content\/uploads\/2021\/10\/210911_KUNSZIGET_Photo-30.jpg&#8221; title_text=&#8221;210911_KUNSZIGET_Photo &#8211; 30&#8243; show_in_lightbox=&#8221;on&#8221; _builder_version=&#8221;4.11.1&#8243; _module_preset=&#8221;default&#8221; global_colors_info=&#8221;{}&#8221;][\/et_pb_image][\/et_pb_column][\/et_pb_row][et_pb_row column_structure=&#8221;1_4,1_4,1_2&#8243; _builder_version=&#8221;4.14.2&#8243; _module_preset=&#8221;default&#8221; global_colors_info=&#8221;{}&#8221;][et_pb_column type=&#8221;1_4&#8243; _builder_version=&#8221;4.14.2&#8243; _module_preset=&#8221;default&#8221; global_colors_info=&#8221;{}&#8221;][et_pb_image src=&#8221;https:\/\/kunszigetapartman.hu\/wp-content\/uploads\/2021\/12\/E-NY-01-Pince-alaprajz.png&#8221; title_text=&#8221;\u00c9-NY-01 Pince alaprajz&#8221; show_in_lightbox=&#8221;on&#8221; _builder_version=&#8221;4.14.2&#8243; _module_preset=&#8221;default&#8221; global_colors_info=&#8221;{}&#8221;][\/et_pb_image][et_pb_image src=&#8221;https:\/\/kunszigetapartman.hu\/wp-content\/uploads\/2021\/12\/E-NY-03-1.-emeleti-alaprajz.png&#8221; title_text=&#8221;\u00c9-NY-03 1. emeleti alaprajz&#8221; show_in_lightbox=&#8221;on&#8221; _builder_version=&#8221;4.14.2&#8243; _module_preset=&#8221;default&#8221; global_colors_info=&#8221;{}&#8221;][\/et_pb_image][\/et_pb_column][et_pb_column type=&#8221;1_4&#8243; _builder_version=&#8221;4.14.2&#8243; _module_preset=&#8221;default&#8221; global_colors_info=&#8221;{}&#8221;][et_pb_image src=&#8221;https:\/\/kunszigetapartman.hu\/wp-content\/uploads\/2021\/12\/E-NY-02-Foldszinti-alaprajz.png&#8221; title_text=&#8221;\u00c9-NY-02 F\u00f6ldszinti alaprajz&#8221; show_in_lightbox=&#8221;on&#8221; _builder_version=&#8221;4.14.2&#8243; _module_preset=&#8221;default&#8221; global_colors_info=&#8221;{}&#8221;][\/et_pb_image][et_pb_image src=&#8221;https:\/\/kunszigetapartman.hu\/wp-content\/uploads\/2021\/12\/E-NY-04-2.-emeleti-alaprajz.png&#8221; title_text=&#8221;\u00c9-NY-04 2. emeleti alaprajz&#8221; show_in_lightbox=&#8221;on&#8221; _builder_version=&#8221;4.14.2&#8243; _module_preset=&#8221;default&#8221; global_colors_info=&#8221;{}&#8221;][\/et_pb_image][\/et_pb_column][et_pb_column type=&#8221;1_2&#8243; _builder_version=&#8221;4.14.2&#8243; _module_preset=&#8221;default&#8221; global_colors_info=&#8221;{}&#8221;][et_pb_text _builder_version=&#8221;4.14.2&#8243; _module_preset=&#8221;default&#8221; global_colors_info=&#8221;{}&#8221;]<\/p>\n<div class=\"page\" title=\"Page 1\">\n<div class=\"layoutArea\">\n<div class=\"column\">\n<h4><span>Az \u00e9p\u00fcletr\u0151l<\/span><span><\/span><\/h4>\n<p><span>Az ido\u030bsek otthona ku\u0308lo\u0308nbo\u0308zo\u030b szolga\u0301ltata\u0301si szinteket tartalmazo\u0301 helyise\u0301gcsoporttal alaki\u0301thato\u0301 ki. Az also\u0301 szinten helyeztu\u0308nk el o\u0308na\u0301llo\u0301 kis belso\u030b udvarokkal rendelkezo\u030b apartmanokat, amelyek mozga\u0301sukban korla\u0301tozott, vagy e\u0301pp intenzi\u0301v orvosi felu\u0308gyeletre szorulo\u0301 lako\u0301k sza\u0301ma\u0301ra idea\u0301lis. Ezen a szinten tervezzu\u0308k az orvosi rendelo\u030bt, melyet aka\u0301r a resort, aka\u0301r a falu lako\u0301i is haszna\u0301lhatnak. Ehhez ko\u0308zvetlenu\u0308l csatlakozik a belso\u030b udvar felo\u030bl ele\u0301rheto\u030b gyo\u0301gyszerta\u0301r is. Az orvosi felu\u0308gyelet, no\u030bve\u0301rsza\u0301lla\u0301s, orvosi szoba, piheno\u030b is ebbe a fo\u0308ldszinti, e\u0301szak-nyugati sza\u0301rnyba keru\u0308lt. A de\u0301li sarokban tala\u0301lhatjuk a ko\u0308zo\u0308sse\u0301gi teret, az e\u0301ttermet. Az elso\u030b szinten alaki\u0301tunk ki erke\u0301llyel rendelkezo\u030b nyugati apartmanokat, a legfelso\u030b szinten pedig loft- jellegu\u030b, nagy teto\u030bterasszal rendelkezo\u030b elega\u0301ns apartmanokat is terveztu\u0308nk. Innen keleti ira\u0301nyba tekintve a to\u0301 e\u0301s a partja\u0301ra kie\u0301pu\u0308lo\u030b resort is felta\u0301rul.<br \/>Az e\u0301tterem e\u0301s a ko\u0308zo\u0308sse\u0301gi te\u0301r o\u0308sszenyithato\u0301, aka\u0301r nagyobb kultura\u0301lis rendezve\u0301nyeket, ba\u0301lokat, koncerteket is lehet itt tartani.<br \/>A mento\u030bnek, betegsza\u0301lli\u0301to\u0301knak elegendo\u030b hely van a bea\u0301lla\u0301sra. A mesterse\u0301ges to\u0301 partja\u0301n piheno\u030b padokat, elega\u0301ns kertet alaki\u0301tunk ki, a medence\u0301be taviro\u0301zsa\u0301kat, vi\u0301zi no\u0308ve\u0301nyzetet telepi\u0301tu\u0308nk.<\/span><\/p>\n<\/div>\n<\/div>\n<\/div>\n<p>[\/et_pb_text][\/et_pb_column][\/et_pb_row][\/et_pb_section][et_pb_section fb_built=&#8221;1&#8243; admin_label=&#8221;Subscription Section&#8221; _builder_version=&#8221;4.14.2&#8243; background_image=&#8221;https:\/\/kunszigetapartman.hu\/wp-content\/uploads\/2021\/12\/hatter1.jpg&#8221; background_position=&#8221;top_center&#8221; custom_padding=&#8221;1%|0px|8%|0px||&#8221; global_module=&#8221;71&#8243; saved_tabs=&#8221;all&#8221; global_colors_info=&#8221;{}&#8221;][et_pb_row column_structure=&#8221;1_2,1_2&#8243; admin_label=&#8221;Subscription Row&#8221; _builder_version=&#8221;3.25&#8243; custom_padding=&#8221;|||&#8221; global_colors_info=&#8221;{}&#8221;][et_pb_column type=&#8221;1_2&#8243; _builder_version=&#8221;3.25&#8243; custom_padding=&#8221;|||&#8221; global_colors_info=&#8221;{}&#8221; custom_padding__hover=&#8221;|||&#8221;][et_pb_text admin_label=&#8221;Title &#038; Paragraph&#8221; _builder_version=&#8221;4.14.2&#8243; text_font=&#8221;Muli|600|||||||&#8221; text_font_size=&#8221;18px&#8221; text_line_height=&#8221;1.8em&#8221; header_font=&#8221;||||||||&#8221; header_2_font=&#8221;Muli|700|||||||&#8221; header_2_font_size=&#8221;50px&#8221; header_2_line_height=&#8221;1.4em&#8221; background_color=&#8221;rgba(255,255,255,0.62)&#8221; text_orientation=&#8221;center&#8221; max_width=&#8221;640px&#8221; max_width_last_edited=&#8221;off|desktop&#8221; module_alignment=&#8221;center&#8221; custom_margin=&#8221;0px||||false|false&#8221; custom_margin_tablet=&#8221;0px|||0px&#8221; custom_margin_last_edited=&#8221;off|desktop&#8221; custom_padding=&#8221;30px|30px|30px|30px|false|false&#8221; custom_padding_last_edited=&#8221;off|desktop&#8221; header_2_font_size_tablet=&#8221;&#8221; header_2_font_size_phone=&#8221;40px&#8221; header_2_font_size_last_edited=&#8221;on|desktop&#8221; locked=&#8221;off&#8221; global_colors_info=&#8221;{}&#8221;]<\/p>\n<h2 class=\"et_pb_module_header et-fb-editable-element et-fb-editable-element__editing\" data-shortcode-id=\"1.0.0.0-1515376821367\" contenteditable=\"true\">Felkeltett\u00fck \u00e9rdekl\u0151d\u00e9s\u00e9t?<\/h2>\n<p><span>L\u00e9pj vel\u00fcnk kapcsolatba egyedi aj\u00e1nlat\u00e9rt! Haszn\u00e1lja a jobb oldali kapcsolati formot \u00e9s keresni fogjuk, vagy haszn\u00e1lja az al\u00e1bbi kapcsolati adatokat:<\/span><span><\/span><\/p>\n<p><span><a class=\"Link_link__2uLjT\" href=\"tel:+36 1 269 2718\">+36 1 269 2718<\/a><\/span><\/p>\n<p><span><a href=\"mailto:info@drukka.hu\">info@drukka.hu<\/a><\/span><\/p>\n<p><span>Drukka KFT<\/span><\/p>\n<p>[\/et_pb_text][\/et_pb_column][et_pb_column type=&#8221;1_2&#8243; _builder_version=&#8221;3.25&#8243; custom_padding=&#8221;|||&#8221; global_colors_info=&#8221;{}&#8221; custom_padding__hover=&#8221;|||&#8221;][et_pb_contact_form success_message=&#8221;K\u00f6sz\u00f6nj\u00fck, hamarosan kapcsolatba l\u00e9p\u00fcnk \u00f6nnel!&#8221; submit_button_text=&#8221;Kapcsolat&#8221; _builder_version=&#8221;4.14.2&#8243; _module_preset=&#8221;default&#8221; _unique_id=&#8221;6d00b5b1-e466-4126-8315-73e87fd6cbf7&#8243; custom_button=&#8221;on&#8221; button_text_color=&#8221;#FFFFFF&#8221; button_bg_color=&#8221;#000000&#8243; button_border_width=&#8221;0px&#8221; button_border_radius=&#8221;0px&#8221; global_colors_info=&#8221;{}&#8221;][et_pb_contact_field field_id=&#8221;Name&#8221; field_title=&#8221;N\u00e9v&#8221; _builder_version=&#8221;4.14.2&#8243; global_colors_info=&#8221;{}&#8221; button_text_size__hover_enabled=&#8221;off&#8221; button_one_text_size__hover_enabled=&#8221;off&#8221; button_two_text_size__hover_enabled=&#8221;off&#8221; button_text_color__hover_enabled=&#8221;off&#8221; button_one_text_color__hover_enabled=&#8221;off&#8221; button_two_text_color__hover_enabled=&#8221;off&#8221; button_border_width__hover_enabled=&#8221;off&#8221; button_one_border_width__hover_enabled=&#8221;off&#8221; button_two_border_width__hover_enabled=&#8221;off&#8221; button_border_color__hover_enabled=&#8221;off&#8221; button_one_border_color__hover_enabled=&#8221;off&#8221; button_two_border_color__hover_enabled=&#8221;off&#8221; button_border_radius__hover_enabled=&#8221;off&#8221; button_one_border_radius__hover_enabled=&#8221;off&#8221; button_two_border_radius__hover_enabled=&#8221;off&#8221; button_letter_spacing__hover_enabled=&#8221;off&#8221; button_one_letter_spacing__hover_enabled=&#8221;off&#8221; button_two_letter_spacing__hover_enabled=&#8221;off&#8221; button_bg_color__hover_enabled=&#8221;off&#8221; button_one_bg_color__hover_enabled=&#8221;off&#8221; button_two_bg_color__hover_enabled=&#8221;off&#8221;][\/et_pb_contact_field][et_pb_contact_field field_id=&#8221;Email&#8221; field_title=&#8221;Email C\u00edm&#8221; field_type=&#8221;email&#8221; _builder_version=&#8221;4.14.2&#8243; global_colors_info=&#8221;{}&#8221; button_text_size__hover_enabled=&#8221;off&#8221; button_one_text_size__hover_enabled=&#8221;off&#8221; button_two_text_size__hover_enabled=&#8221;off&#8221; button_text_color__hover_enabled=&#8221;off&#8221; button_one_text_color__hover_enabled=&#8221;off&#8221; button_two_text_color__hover_enabled=&#8221;off&#8221; button_border_width__hover_enabled=&#8221;off&#8221; button_one_border_width__hover_enabled=&#8221;off&#8221; button_two_border_width__hover_enabled=&#8221;off&#8221; button_border_color__hover_enabled=&#8221;off&#8221; button_one_border_color__hover_enabled=&#8221;off&#8221; button_two_border_color__hover_enabled=&#8221;off&#8221; button_border_radius__hover_enabled=&#8221;off&#8221; button_one_border_radius__hover_enabled=&#8221;off&#8221; button_two_border_radius__hover_enabled=&#8221;off&#8221; button_letter_spacing__hover_enabled=&#8221;off&#8221; button_one_letter_spacing__hover_enabled=&#8221;off&#8221; button_two_letter_spacing__hover_enabled=&#8221;off&#8221; button_bg_color__hover_enabled=&#8221;off&#8221; button_one_bg_color__hover_enabled=&#8221;off&#8221; button_two_bg_color__hover_enabled=&#8221;off&#8221;][\/et_pb_contact_field][et_pb_contact_field field_id=&#8221;phone&#8221; field_title=&#8221;Telefonsz\u00e1m&#8221; fullwidth_field=&#8221;on&#8221; _builder_version=&#8221;4.14.2&#8243; _module_preset=&#8221;default&#8221; global_colors_info=&#8221;{}&#8221;][\/et_pb_contact_field][et_pb_contact_field field_id=&#8221;Message&#8221; field_title=&#8221;\u00dczenet&#8221; field_type=&#8221;text&#8221; fullwidth_field=&#8221;on&#8221; _builder_version=&#8221;4.14.2&#8243; global_colors_info=&#8221;{}&#8221; button_text_size__hover_enabled=&#8221;off&#8221; button_one_text_size__hover_enabled=&#8221;off&#8221; button_two_text_size__hover_enabled=&#8221;off&#8221; button_text_color__hover_enabled=&#8221;off&#8221; button_one_text_color__hover_enabled=&#8221;off&#8221; button_two_text_color__hover_enabled=&#8221;off&#8221; button_border_width__hover_enabled=&#8221;off&#8221; button_one_border_width__hover_enabled=&#8221;off&#8221; button_two_border_width__hover_enabled=&#8221;off&#8221; button_border_color__hover_enabled=&#8221;off&#8221; button_one_border_color__hover_enabled=&#8221;off&#8221; button_two_border_color__hover_enabled=&#8221;off&#8221; button_border_radius__hover_enabled=&#8221;off&#8221; button_one_border_radius__hover_enabled=&#8221;off&#8221; button_two_border_radius__hover_enabled=&#8221;off&#8221; button_letter_spacing__hover_enabled=&#8221;off&#8221; button_one_letter_spacing__hover_enabled=&#8221;off&#8221; button_two_letter_spacing__hover_enabled=&#8221;off&#8221; button_bg_color__hover_enabled=&#8221;off&#8221; button_one_bg_color__hover_enabled=&#8221;off&#8221; button_two_bg_color__hover_enabled=&#8221;off&#8221;][\/et_pb_contact_field][\/et_pb_contact_form][\/et_pb_column][\/et_pb_row][\/et_pb_section][et_pb_section fb_built=&#8221;1&#8243; _builder_version=&#8221;4.11.1&#8243; _module_preset=&#8221;default&#8221; background_color=&#8221;#000000&#8243; custom_padding=&#8221;0px||3px|||&#8221; global_colors_info=&#8221;{}&#8221;][et_pb_row _builder_version=&#8221;4.11.1&#8243; _module_preset=&#8221;default&#8221; global_colors_info=&#8221;{}&#8221;][et_pb_column type=&#8221;4_4&#8243; _builder_version=&#8221;4.11.1&#8243; _module_preset=&#8221;default&#8221; global_colors_info=&#8221;{}&#8221;][et_pb_text _builder_version=&#8221;4.11.1&#8243; _module_preset=&#8221;default&#8221; text_orientation=&#8221;center&#8221; background_layout=&#8221;dark&#8221; global_colors_info=&#8221;{}&#8221;]<\/p>\n<p>Impresszum<\/p>\n<p>[\/et_pb_text][\/et_pb_column][\/et_pb_row][\/et_pb_section]<\/p>\n","protected":false},"excerpt":{"rendered":"<p>A Kunszigeti term\u00e1lbirtokon tal\u00e1lhat\u00f3 nyugd\u00edjash\u00e1z lehet\u0151s\u00e9get biztos\u00edt a zavartalan nyugd\u00edjas \u00e9vekhez. Felszerelt int\u00e9zm\u00e9nyeink \u00e9s term\u00e1lvizes f\u00fcrd\u0151ink biztos\u00edtj\u00e1k a gondtalan helyre\u00e1ll\u00e1s k\u00f6r\u00fclm\u00e9nyeit. &nbsp; &nbsp;Fo\u030bbb adatok: 2400-4800 m2 (50-100 lak\u00f3egys\u00e9g) ig\u00e9ny szerint kialak\u00edtva, bo\u030bv\u00edt\u00e9si leheto\u030bs\u00e9ggel Modern kialak\u00edt\u00e1s, k\u00f6zel z\u00e9ro emisszi\u00f3s, k\u00f6rnyezetk\u00edm\u00e9lo\u030b, \u201eokos\u201d \u00e9p\u00fclet Term\u00e1lv\u00edz bek\u00f6t\u00e9s A 20 hekt\u00e1ros resort r\u00e9sze, gy\u00f6ny\u00f6ru\u030b k\u00f6rnyezet, saj\u00e1t t\u00f3 Resort szolg\u00e1ltat\u00e1sok haszn\u00e1lata:\u00a0 [&hellip;]<\/p>\n","protected":false},"author":1,"featured_media":0,"parent":0,"menu_order":0,"comment_status":"closed","ping_status":"closed","template":"","meta":{"_et_pb_use_builder":"on","_et_pb_old_content":"","_et_gb_content_width":"","footnotes":""},"class_list":["post-277","page","type-page","status-publish","hentry"],"yoast_head":"<!-- This site is optimized with the Yoast SEO plugin v17.7.1 - https:\/\/yoast.com\/wordpress\/plugins\/seo\/ -->\n<title>Nyugd\u00edjas h\u00e1z - Kunsziget Apartmanok<\/title>\n<meta name=\"robots\" content=\"index, follow, max-snippet:-1, max-image-preview:large, max-video-preview:-1\" \/>\n<link rel=\"canonical\" href=\"https:\/\/kunszigetapartman.hu\/index.php\/nyugdijas-haz\/\" \/>\n<meta property=\"og:locale\" content=\"hu_HU\" \/>\n<meta property=\"og:type\" content=\"article\" \/>\n<meta property=\"og:title\" content=\"Nyugd\u00edjas h\u00e1z - Kunsziget Apartmanok\" \/>\n<meta property=\"og:description\" content=\"A Kunszigeti term\u00e1lbirtokon tal\u00e1lhat\u00f3 nyugd\u00edjash\u00e1z lehet\u0151s\u00e9get biztos\u00edt a zavartalan nyugd\u00edjas \u00e9vekhez. Felszerelt int\u00e9zm\u00e9nyeink \u00e9s term\u00e1lvizes f\u00fcrd\u0151ink biztos\u00edtj\u00e1k a gondtalan helyre\u00e1ll\u00e1s k\u00f6r\u00fclm\u00e9nyeit. &nbsp; &nbsp;Fo\u030bbb adatok: 2400-4800 m2 (50-100 lak\u00f3egys\u00e9g) ig\u00e9ny szerint kialak\u00edtva, bo\u030bv\u00edt\u00e9si leheto\u030bs\u00e9ggel Modern kialak\u00edt\u00e1s, k\u00f6zel z\u00e9ro emisszi\u00f3s, k\u00f6rnyezetk\u00edm\u00e9lo\u030b, \u201eokos\u201d \u00e9p\u00fclet Term\u00e1lv\u00edz bek\u00f6t\u00e9s A 20 hekt\u00e1ros resort r\u00e9sze, gy\u00f6ny\u00f6ru\u030b k\u00f6rnyezet, saj\u00e1t t\u00f3 Resort szolg\u00e1ltat\u00e1sok haszn\u00e1lata:\u00a0 [&hellip;]\" \/>\n<meta property=\"og:url\" content=\"https:\/\/kunszigetapartman.hu\/index.php\/nyugdijas-haz\/\" \/>\n<meta property=\"og:site_name\" content=\"Kunsziget Apartmanok\" \/>\n<meta property=\"article:modified_time\" content=\"2021-12-15T22:05:44+00:00\" \/>\n<meta name=\"twitter:card\" content=\"summary_large_image\" \/>\n<script type=\"application\/ld+json\" class=\"yoast-schema-graph\">{\"@context\":\"https:\/\/schema.org\",\"@graph\":[{\"@type\":\"WebSite\",\"@id\":\"https:\/\/kunszigetapartman.hu\/#website\",\"url\":\"https:\/\/kunszigetapartman.hu\/\",\"name\":\"Kunsziget Apartmanok\",\"description\":\"Just another WordPress site\",\"potentialAction\":[{\"@type\":\"SearchAction\",\"target\":{\"@type\":\"EntryPoint\",\"urlTemplate\":\"https:\/\/kunszigetapartman.hu\/?s={search_term_string}\"},\"query-input\":\"required name=search_term_string\"}],\"inLanguage\":\"hu\"},{\"@type\":\"WebPage\",\"@id\":\"https:\/\/kunszigetapartman.hu\/index.php\/nyugdijas-haz\/#webpage\",\"url\":\"https:\/\/kunszigetapartman.hu\/index.php\/nyugdijas-haz\/\",\"name\":\"Nyugd\\u00edjas h\\u00e1z - Kunsziget Apartmanok\",\"isPartOf\":{\"@id\":\"https:\/\/kunszigetapartman.hu\/#website\"},\"datePublished\":\"2021-12-15T21:22:00+00:00\",\"dateModified\":\"2021-12-15T22:05:44+00:00\",\"breadcrumb\":{\"@id\":\"https:\/\/kunszigetapartman.hu\/index.php\/nyugdijas-haz\/#breadcrumb\"},\"inLanguage\":\"hu\",\"potentialAction\":[{\"@type\":\"ReadAction\",\"target\":[\"https:\/\/kunszigetapartman.hu\/index.php\/nyugdijas-haz\/\"]}]},{\"@type\":\"BreadcrumbList\",\"@id\":\"https:\/\/kunszigetapartman.hu\/index.php\/nyugdijas-haz\/#breadcrumb\",\"itemListElement\":[{\"@type\":\"ListItem\",\"position\":1,\"name\":\"Home\",\"item\":\"https:\/\/kunszigetapartman.hu\/\"},{\"@type\":\"ListItem\",\"position\":2,\"name\":\"Nyugd\\u00edjas h\\u00e1z\"}]}]}<\/script>\n<!-- \/ Yoast SEO plugin. -->","yoast_head_json":{"title":"Nyugd\u00edjas h\u00e1z - Kunsziget Apartmanok","robots":{"index":"index","follow":"follow","max-snippet":"max-snippet:-1","max-image-preview":"max-image-preview:large","max-video-preview":"max-video-preview:-1"},"canonical":"https:\/\/kunszigetapartman.hu\/index.php\/nyugdijas-haz\/","og_locale":"hu_HU","og_type":"article","og_title":"Nyugd\u00edjas h\u00e1z - Kunsziget Apartmanok","og_description":"A Kunszigeti term\u00e1lbirtokon tal\u00e1lhat\u00f3 nyugd\u00edjash\u00e1z lehet\u0151s\u00e9get biztos\u00edt a zavartalan nyugd\u00edjas \u00e9vekhez. Felszerelt int\u00e9zm\u00e9nyeink \u00e9s term\u00e1lvizes f\u00fcrd\u0151ink biztos\u00edtj\u00e1k a gondtalan helyre\u00e1ll\u00e1s k\u00f6r\u00fclm\u00e9nyeit. &nbsp; &nbsp;Fo\u030bbb adatok: 2400-4800 m2 (50-100 lak\u00f3egys\u00e9g) ig\u00e9ny szerint kialak\u00edtva, bo\u030bv\u00edt\u00e9si leheto\u030bs\u00e9ggel Modern kialak\u00edt\u00e1s, k\u00f6zel z\u00e9ro emisszi\u00f3s, k\u00f6rnyezetk\u00edm\u00e9lo\u030b, \u201eokos\u201d \u00e9p\u00fclet Term\u00e1lv\u00edz bek\u00f6t\u00e9s A 20 hekt\u00e1ros resort r\u00e9sze, gy\u00f6ny\u00f6ru\u030b k\u00f6rnyezet, saj\u00e1t t\u00f3 Resort szolg\u00e1ltat\u00e1sok haszn\u00e1lata:\u00a0 [&hellip;]","og_url":"https:\/\/kunszigetapartman.hu\/index.php\/nyugdijas-haz\/","og_site_name":"Kunsziget Apartmanok","article_modified_time":"2021-12-15T22:05:44+00:00","twitter_card":"summary_large_image","schema":{"@context":"https:\/\/schema.org","@graph":[{"@type":"WebSite","@id":"https:\/\/kunszigetapartman.hu\/#website","url":"https:\/\/kunszigetapartman.hu\/","name":"Kunsziget Apartmanok","description":"Just another WordPress site","potentialAction":[{"@type":"SearchAction","target":{"@type":"EntryPoint","urlTemplate":"https:\/\/kunszigetapartman.hu\/?s={search_term_string}"},"query-input":"required name=search_term_string"}],"inLanguage":"hu"},{"@type":"WebPage","@id":"https:\/\/kunszigetapartman.hu\/index.php\/nyugdijas-haz\/#webpage","url":"https:\/\/kunszigetapartman.hu\/index.php\/nyugdijas-haz\/","name":"Nyugd\u00edjas h\u00e1z - Kunsziget Apartmanok","isPartOf":{"@id":"https:\/\/kunszigetapartman.hu\/#website"},"datePublished":"2021-12-15T21:22:00+00:00","dateModified":"2021-12-15T22:05:44+00:00","breadcrumb":{"@id":"https:\/\/kunszigetapartman.hu\/index.php\/nyugdijas-haz\/#breadcrumb"},"inLanguage":"hu","potentialAction":[{"@type":"ReadAction","target":["https:\/\/kunszigetapartman.hu\/index.php\/nyugdijas-haz\/"]}]},{"@type":"BreadcrumbList","@id":"https:\/\/kunszigetapartman.hu\/index.php\/nyugdijas-haz\/#breadcrumb","itemListElement":[{"@type":"ListItem","position":1,"name":"Home","item":"https:\/\/kunszigetapartman.hu\/"},{"@type":"ListItem","position":2,"name":"Nyugd\u00edjas h\u00e1z"}]}]}},"_links":{"self":[{"href":"https:\/\/kunszigetapartman.hu\/index.php\/wp-json\/wp\/v2\/pages\/277","targetHints":{"allow":["GET"]}}],"collection":[{"href":"https:\/\/kunszigetapartman.hu\/index.php\/wp-json\/wp\/v2\/pages"}],"about":[{"href":"https:\/\/kunszigetapartman.hu\/index.php\/wp-json\/wp\/v2\/types\/page"}],"author":[{"embeddable":true,"href":"https:\/\/kunszigetapartman.hu\/index.php\/wp-json\/wp\/v2\/users\/1"}],"replies":[{"embeddable":true,"href":"https:\/\/kunszigetapartman.hu\/index.php\/wp-json\/wp\/v2\/comments?post=277"}],"version-history":[{"count":4,"href":"https:\/\/kunszigetapartman.hu\/index.php\/wp-json\/wp\/v2\/pages\/277\/revisions"}],"predecessor-version":[{"id":292,"href":"https:\/\/kunszigetapartman.hu\/index.php\/wp-json\/wp\/v2\/pages\/277\/revisions\/292"}],"wp:attachment":[{"href":"https:\/\/kunszigetapartman.hu\/index.php\/wp-json\/wp\/v2\/media?parent=277"}],"curies":[{"name":"wp","href":"https:\/\/api.w.org\/{rel}","templated":true}]}}